{"id":21,"date":"2015-06-10T23:24:43","date_gmt":"2015-06-10T21:24:43","guid":{"rendered":"http:\/\/www.emergentberlin.de\/?page_id=21"},"modified":"2015-08-31T22:06:09","modified_gmt":"2015-08-31T20:06:09","slug":"call-for-participation","status":"publish","type":"page","link":"https:\/\/www.emergentberlinfest.de\/index.php\/call-for-participation\/","title":{"rendered":"[:de]AUFRUF ZUM MITMACHEN[:en]CALL FOR PARTICIPATION[:tr]Kat\u0131l\u0131m \u00c7a\u011fr\u0131s\u0131[:]"},"content":{"rendered":"<p>[:de]Was dieses Jahr beim Emergent Berlin Festival passiert, h\u00e4ngt von uns allen ab, was wir anbieten und wie wir mitmachen&#8230;<\/p>\n<p>Wir suchen Personen &#038; Projekte, die in Wedding oder in Berlin (oder an anderen Orten, an denen sie leben) nachhaltigere Lebensweisen f\u00f6rdern und die sich gerne auf dem Fest vorstellen w\u00fcrden. Es gibt Raum f\u00fcr Kurz-Pr\u00e4sentationen (10 min), Workshops, Kunst und Performances, &#8230;<\/p>\n<p>[contact-form-7 id=&#8221;193&#8243; title=&#8221;Call for Part- DEU&#8221;][:en]What&#8217;s going to happen at this year&#8217;s Emergent Berlin Festival &#8211; it&#8217;s up to everyone participating to decide&#8230;<\/p>\n<p>We are looking for people &amp; projects who are engaged in making Wedding or Berlin (or other places, where they live) a more sustainable place and who would like to present their work during the festival. There will be spaces to hold short (10 min) project presentations, workshops, art and performances, &#8230;<\/p>\n<p>[contact-form-7 id=&#8221;190&#8243; title=&#8221;Call for Part. Englisch&#8221;][:tr]Hem Wedding\u2019i hem de Berlin\u2019i daha s\u00fcrd\u00fcr\u00fclebilir yerler haline getirmek icin \u00e7aba sarf eden\u00a0ki\u015filer ve projeler aramaktay\u0131z. \u0130lgilenenler projelerini festivalimizde sunabilirler. Festivalimiz\u00a0yakla\u015f\u0131k 10 dakika s\u00fcrecek projeler, sunumlar, workshoplar, sanat ve performanslara a\u00e7\u0131kt\u0131r.<\/p>\n<p>email: emergent.berlin@gmail.com[:]<\/p>\n","protected":false},"excerpt":{"rendered":"<p>[:de]Was dieses Jahr beim Emergent Berlin Festival passiert, h\u00e4ngt von uns allen ab, was wir anbieten und wie wir mitmachen&#8230; Wir suchen Personen &#038; Projekte, die in Wedding oder in Berlin (oder an anderen Orten, an denen sie leben) nachhaltigere Lebensweisen f\u00f6rdern und die sich gerne auf dem Fest vorstellen w\u00fcrden. Es gibt Raum f\u00fcr &hellip; <a href=\"https:\/\/www.emergentberlinfest.de\/index.php\/call-for-participation\/\" class=\"more-link\">Continue reading <span class=\"screen-reader-text\">[:de]AUFRUF ZUM MITMACHEN[:en]CALL FOR PARTICIPATION[:tr]Kat\u0131l\u0131m \u00c7a\u011fr\u0131s\u0131[:]<\/span><\/a><\/p>\n","protected":false},"author":1,"featured_media":0,"parent":0,"menu_order":0,"comment_status":"closed","ping_status":"open","template":"","meta":{"footnotes":""},"class_list":["post-21","page","type-page","status-publish","hentry"],"_links":{"self":[{"href":"https:\/\/www.emergentberlinfest.de\/index.php\/wp-json\/wp\/v2\/pages\/21","targetHints":{"allow":["GET"]}}],"collection":[{"href":"https:\/\/www.emergentberlinfest.de\/index.php\/wp-json\/wp\/v2\/pages"}],"about":[{"href":"https:\/\/www.emergentberlinfest.de\/index.php\/wp-json\/wp\/v2\/types\/page"}],"author":[{"embeddable":true,"href":"https:\/\/www.emergentberlinfest.de\/index.php\/wp-json\/wp\/v2\/users\/1"}],"replies":[{"embeddable":true,"href":"https:\/\/www.emergentberlinfest.de\/index.php\/wp-json\/wp\/v2\/comments?post=21"}],"version-history":[{"count":24,"href":"https:\/\/www.emergentberlinfest.de\/index.php\/wp-json\/wp\/v2\/pages\/21\/revisions"}],"predecessor-version":[{"id":840,"href":"https:\/\/www.emergentberlinfest.de\/index.php\/wp-json\/wp\/v2\/pages\/21\/revisions\/840"}],"wp:attachment":[{"href":"https:\/\/www.emergentberlinfest.de\/index.php\/wp-json\/wp\/v2\/media?parent=21"}],"curies":[{"name":"wp","href":"https:\/\/api.w.org\/{rel}","templated":true}]}}