{"id":2543,"date":"2018-10-06T19:05:10","date_gmt":"2018-10-06T17:05:10","guid":{"rendered":"http:\/\/www.emergentberlinfest.de\/?page_id=2543"},"modified":"2018-11-01T11:26:19","modified_gmt":"2018-11-01T10:26:19","slug":"action-night","status":"publish","type":"page","link":"https:\/\/www.emergentberlinfest.de\/index.php\/action-night\/","title":{"rendered":"[:en]&#8230; Action Nights![:de]&#8230; Aktionsabend![:]"},"content":{"rendered":"<p>[:en]<\/p>\n<h3><strong>Every Tuesday an open meeting point for collective every day actions.<\/strong><\/h3>\n<p><em>Participate in the <a href=\"http:\/\/www.trimtabcollective.org\" target=\"_blank\">trim tab collective&#8217;s <\/a>weekly action night @ Baumhaus.<\/em><\/p>\n<p><span style=\"color: #808000;\"><strong>We come together as neighbors who want to organize their own every day consumption better, nicer and in solidarity. Come by &amp; join us!<\/strong><\/span><\/p>\n<div id='gallery-1' class='gallery galleryid-2543 gallery-columns-3 gallery-size-full'><figure class='gallery-item'>\n\t\t\t<div class='gallery-icon landscape'>\n\t\t\t\t<a href='https:\/\/www.emergentberlinfest.de\/index.php\/action-night\/img_0589\/'><img loading=\"lazy\" decoding=\"async\" width=\"5184\" height=\"3456\" src=\"https:\/\/www.emergentberlinfest.de\/wp-content\/uploads\/2018\/10\/IMG_0589.jpg\" class=\"attachment-full size-full\" alt=\"\" srcset=\"https:\/\/www.emergentberlinfest.de\/wp-content\/uploads\/2018\/10\/IMG_0589.jpg 5184w, https:\/\/www.emergentberlinfest.de\/wp-content\/uploads\/2018\/10\/IMG_0589-300x200.jpg 300w, https:\/\/www.emergentberlinfest.de\/wp-content\/uploads\/2018\/10\/IMG_0589-1024x683.jpg 1024w\" sizes=\"auto, (max-width: 5184px) 100vw, 5184px\" \/><\/a>\n\t\t\t<\/div><\/figure><figure class='gallery-item'>\n\t\t\t<div class='gallery-icon landscape'>\n\t\t\t\t<a href='https:\/\/www.emergentberlinfest.de\/index.php\/action-night\/img_0601\/'><img loading=\"lazy\" decoding=\"async\" width=\"5184\" height=\"3456\" src=\"https:\/\/www.emergentberlinfest.de\/wp-content\/uploads\/2018\/10\/IMG_0601.jpg\" class=\"attachment-full size-full\" alt=\"\" srcset=\"https:\/\/www.emergentberlinfest.de\/wp-content\/uploads\/2018\/10\/IMG_0601.jpg 5184w, https:\/\/www.emergentberlinfest.de\/wp-content\/uploads\/2018\/10\/IMG_0601-300x200.jpg 300w, https:\/\/www.emergentberlinfest.de\/wp-content\/uploads\/2018\/10\/IMG_0601-1024x683.jpg 1024w\" sizes=\"auto, (max-width: 5184px) 100vw, 5184px\" \/><\/a>\n\t\t\t<\/div><\/figure><figure class='gallery-item'>\n\t\t\t<div class='gallery-icon landscape'>\n\t\t\t\t<a href='https:\/\/www.emergentberlinfest.de\/index.php\/action-night\/img_0607\/'><img loading=\"lazy\" decoding=\"async\" width=\"5184\" height=\"3456\" src=\"https:\/\/www.emergentberlinfest.de\/wp-content\/uploads\/2018\/10\/IMG_0607.jpg\" class=\"attachment-full size-full\" alt=\"\" srcset=\"https:\/\/www.emergentberlinfest.de\/wp-content\/uploads\/2018\/10\/IMG_0607.jpg 5184w, https:\/\/www.emergentberlinfest.de\/wp-content\/uploads\/2018\/10\/IMG_0607-300x200.jpg 300w, https:\/\/www.emergentberlinfest.de\/wp-content\/uploads\/2018\/10\/IMG_0607-1024x683.jpg 1024w\" sizes=\"auto, (max-width: 5184px) 100vw, 5184px\" \/><\/a>\n\t\t\t<\/div><\/figure><figure class='gallery-item'>\n\t\t\t<div class='gallery-icon landscape'>\n\t\t\t\t<a href='https:\/\/www.emergentberlinfest.de\/index.php\/action-night\/img_0611\/'><img loading=\"lazy\" decoding=\"async\" width=\"5184\" height=\"3456\" src=\"https:\/\/www.emergentberlinfest.de\/wp-content\/uploads\/2018\/10\/IMG_0611.jpg\" class=\"attachment-full size-full\" alt=\"\" srcset=\"https:\/\/www.emergentberlinfest.de\/wp-content\/uploads\/2018\/10\/IMG_0611.jpg 5184w, https:\/\/www.emergentberlinfest.de\/wp-content\/uploads\/2018\/10\/IMG_0611-300x200.jpg 300w, https:\/\/www.emergentberlinfest.de\/wp-content\/uploads\/2018\/10\/IMG_0611-1024x683.jpg 1024w\" sizes=\"auto, (max-width: 5184px) 100vw, 5184px\" \/><\/a>\n\t\t\t<\/div><\/figure>\n\t\t<\/div>\n\n<p>We\u2019re starting at 7pm: the most important news and events around sustainability. Then the space is open for exchange and actions. Every week, we bake vegan cookies, process grains and cook or ferment rescued vegetables, all for taking home. We share things &amp; infos, deliberate about what to do next, teach each other new skills. What can you do better together?<\/p>\n<p>Parallel to our actions, local groups can use the seminar room for their meetings and events, a regular guest is the refugee support network.<\/p>\n<p><b>18:00 doors open <\/b>setting-up, volunteers welcome<br \/>\n<b>19:00 news &amp; organizing <\/b>what do we want to make happen tonight?<br \/>\n<b>19:30 actions <\/b>food production \/ workshops \/ ?<br \/>\n<b>22:00 doors close <\/b>everybody walks home with cookies and soup<\/p>\n<p>free entrance |\u00a0food at cost | organized by trim tab collective<\/p>\n<p><span style=\"color: #ff6600;\"><em>Event in German, also for folks who want to practice. Let us know if you need translation help, no problem! hallo@trimtabcollective.org<\/em><\/span><\/p>\n<p>+++++++<\/p>\n<h4>Guest Action Dienstag 13.11. 17:30 &#8211; 21:00: Upcycling Mosaik Workshop<\/h4>\n<p><img loading=\"lazy\" decoding=\"async\" class=\"aligncenter size-medium wp-image-2932\" src=\"http:\/\/www.emergentberlinfest.de\/wp-content\/uploads\/2018\/10\/Work2-300x259.jpg\" alt=\"Work2\" width=\"300\" height=\"259\" srcset=\"https:\/\/www.emergentberlinfest.de\/wp-content\/uploads\/2018\/10\/Work2-300x259.jpg 300w, https:\/\/www.emergentberlinfest.de\/wp-content\/uploads\/2018\/10\/Work2-1024x884.jpg 1024w\" sizes=\"auto, (max-width: 300px) 100vw, 300px\" \/><\/p>\n<div>+++ nur mit Voranmeldung per Mail an Nina: <a href=\"mailto:nina.brachmann@gmail.com\" target=\"_blank\" rel=\"noopener\">nina.brachmann@gmail.com<\/a> | Kostenbeitrag 35\u20ac +++<\/div>\n<div><\/div>\n<div><strong>Beim Mosaik geht es darum viele kleine Teilchen zu einem Gesamtbild zusammenzusetzen. Was w\u00e4re daf\u00fcr besser geeignet als Materialien, die sowieso schon zu Bruch gegangen sind? In diesem Workshop wollen wir kaputtem Geschirr und alten Fliesen ein neues Leben als Kunstwerk geben.<\/strong><\/div>\n<div><\/div>\n<div>Aus einem bunten Materialfundus k\u00f6nnt ihr euch eure Lieblingsfarbkombi zusammenstellen. Nina von MosiMosa zeigt euch wie ihr die Scherben in die passende Form schneiden k\u00f6nnt und sie nach euren Vorstellungen zu einem Bild zusammensetzt. Nach einem Tee- und Kuchenp\u00e4uschen geht es ans Verfugen. Et voil\u00e0 &#8211; euer eigenes kleines Mosaik! Jede*r von euch wird Sch\u00f6pfer*in eines eigenen Wunderwerkes von etwa 15x15cm Gr\u00f6\u00dfe. Das kann ein Mandala werden, ein T\u00fcrschild, Untersetzer oder einfach ein sch\u00f6nes Mosaik-Bild.<\/div>\n<div><\/div>\n<p><strong>Bitte mitbringen:<\/strong><br \/>\n<strong>\u2022 eure Lieblingstasse\/-teller, falls diese kaputt in der Ecke liegen<\/strong> und auf eine Wiederbelebung wartet &#8211; gerne auch andere Dinge aus Porzellan oder Keramik, die ihr h\u00fcbsch findet und mit einarbeiten m\u00f6chtet<br \/>\n<strong>\u2022 Kleidung die schmutzig werden kann<\/strong>, denn beim Kleben und Verfugen wird\u2019s schmuddelig<\/p>\n<div>Keinerlei Vorkenntnisse erforderlich!<\/div>\n<div><\/div>\n<div>++++++<\/div>\n<p>[:de]<\/p>\n<h3><strong>Jeder Dienstag ein offener Treffpunkt f\u00fcr kollektive Selbstversorgung und gute Nachbarschaft. <\/strong><\/h3>\n<p><em>Macht mit beim w\u00f6chentlichen Aktionsabend vom <a href=\"http:\/\/www.trimtabcollective.org\" target=\"_blank\">trim tab collective<\/a> im Baumhaus.<\/em><\/p>\n<p><span style=\"color: #808000;\"><strong>Wir kommen zusammen als Nachbar*innen, die ihren allt\u00e4glichen Konsum besser, sch\u00f6ner und solidarischer organisieren wollen. Kommt vorbei &amp; macht mit!<\/strong><\/span><\/p>\n<div id='gallery-2' class='gallery galleryid-2543 gallery-columns-3 gallery-size-full'><figure class='gallery-item'>\n\t\t\t<div class='gallery-icon landscape'>\n\t\t\t\t<a href='https:\/\/www.emergentberlinfest.de\/index.php\/action-night\/img_0589\/'><img loading=\"lazy\" decoding=\"async\" width=\"5184\" height=\"3456\" src=\"https:\/\/www.emergentberlinfest.de\/wp-content\/uploads\/2018\/10\/IMG_0589.jpg\" class=\"attachment-full size-full\" alt=\"\" srcset=\"https:\/\/www.emergentberlinfest.de\/wp-content\/uploads\/2018\/10\/IMG_0589.jpg 5184w, https:\/\/www.emergentberlinfest.de\/wp-content\/uploads\/2018\/10\/IMG_0589-300x200.jpg 300w, https:\/\/www.emergentberlinfest.de\/wp-content\/uploads\/2018\/10\/IMG_0589-1024x683.jpg 1024w\" sizes=\"auto, (max-width: 5184px) 100vw, 5184px\" \/><\/a>\n\t\t\t<\/div><\/figure><figure class='gallery-item'>\n\t\t\t<div class='gallery-icon landscape'>\n\t\t\t\t<a href='https:\/\/www.emergentberlinfest.de\/index.php\/action-night\/img_0601\/'><img loading=\"lazy\" decoding=\"async\" width=\"5184\" height=\"3456\" src=\"https:\/\/www.emergentberlinfest.de\/wp-content\/uploads\/2018\/10\/IMG_0601.jpg\" class=\"attachment-full size-full\" alt=\"\" srcset=\"https:\/\/www.emergentberlinfest.de\/wp-content\/uploads\/2018\/10\/IMG_0601.jpg 5184w, https:\/\/www.emergentberlinfest.de\/wp-content\/uploads\/2018\/10\/IMG_0601-300x200.jpg 300w, https:\/\/www.emergentberlinfest.de\/wp-content\/uploads\/2018\/10\/IMG_0601-1024x683.jpg 1024w\" sizes=\"auto, (max-width: 5184px) 100vw, 5184px\" \/><\/a>\n\t\t\t<\/div><\/figure><figure class='gallery-item'>\n\t\t\t<div class='gallery-icon landscape'>\n\t\t\t\t<a href='https:\/\/www.emergentberlinfest.de\/index.php\/action-night\/img_0607\/'><img loading=\"lazy\" decoding=\"async\" width=\"5184\" height=\"3456\" src=\"https:\/\/www.emergentberlinfest.de\/wp-content\/uploads\/2018\/10\/IMG_0607.jpg\" class=\"attachment-full size-full\" alt=\"\" srcset=\"https:\/\/www.emergentberlinfest.de\/wp-content\/uploads\/2018\/10\/IMG_0607.jpg 5184w, https:\/\/www.emergentberlinfest.de\/wp-content\/uploads\/2018\/10\/IMG_0607-300x200.jpg 300w, https:\/\/www.emergentberlinfest.de\/wp-content\/uploads\/2018\/10\/IMG_0607-1024x683.jpg 1024w\" sizes=\"auto, (max-width: 5184px) 100vw, 5184px\" \/><\/a>\n\t\t\t<\/div><\/figure><figure class='gallery-item'>\n\t\t\t<div class='gallery-icon landscape'>\n\t\t\t\t<a href='https:\/\/www.emergentberlinfest.de\/index.php\/action-night\/img_0611\/'><img loading=\"lazy\" decoding=\"async\" width=\"5184\" height=\"3456\" src=\"https:\/\/www.emergentberlinfest.de\/wp-content\/uploads\/2018\/10\/IMG_0611.jpg\" class=\"attachment-full size-full\" alt=\"\" srcset=\"https:\/\/www.emergentberlinfest.de\/wp-content\/uploads\/2018\/10\/IMG_0611.jpg 5184w, https:\/\/www.emergentberlinfest.de\/wp-content\/uploads\/2018\/10\/IMG_0611-300x200.jpg 300w, https:\/\/www.emergentberlinfest.de\/wp-content\/uploads\/2018\/10\/IMG_0611-1024x683.jpg 1024w\" sizes=\"auto, (max-width: 5184px) 100vw, 5184px\" \/><\/a>\n\t\t\t<\/div><\/figure>\n\t\t<\/div>\n\n<p>Los geht\u2019s um 19 Uhr mit den News; Nachrichten und die wichtigsten Meldungen aus dem Wedding und der Welt zu sozialen und \u00f6kologischen Themen. Dann ist der Raum offen f\u00fcr Austausch und Aktion. Jede Woche backen wir vegane Kekse, verarbeiten Getreide und kochen oder fermentieren gerettetes Gem\u00fcse, alles zum Mitnehmen nach Hause. Wir teilen Dinge und Infos, \u00fcberlegen was wir als n\u00e4chstes tun wollen, lernen und bringen uns gegenseitig Sachen bei. Was kannst du besser zusammen machen?<\/p>\n<p>Der Seminarraum steht w\u00e4hrenddessen f\u00fcr Treffen und Veranstaltungen von lokalen Gruppen zur Verf\u00fcgung, z.B. trifft sich \u00f6fter die AG Patenschaften von Wedding hilft.<\/p>\n<p><b>18:00 T\u00fcren \u00f6ffnen:<\/b> gemeinsamer Aufbau<br \/>\n<b>19:00 News &amp; Pl\u00e4ne:<\/b> Was wollen wir heute Abend tun?<br \/>\n<b>19:30 Aktionen:<\/b> Lebensmittelproduktion \/ Workshops \/ ?<br \/>\n<b>22:00 T\u00fcren schliessen:<\/b> alle gehen mit Keks und Eintopf nach Hause<\/p>\n<p>Eintritt frei | Lebensmittel zum Selbstkostenpreis | eine Veranstaltung von trim tab collective<\/p>\n<p><span style=\"color: #ff6600;\"><em>Wir versuchen am Dienstag alle auf Deutsch zu sprechen \u2013 wenn ihr \u00dcbersetzung braucht kein Problem, lasst es uns wissen! hallo@trimtabcollective.org<\/em><\/span><\/p>\n<p>+++++++<\/p>\n<h4>Guest Action Dienstag 13.11. 17:30 &#8211; 21:00: Upcycling Mosaik Workshop<\/h4>\n<p><img loading=\"lazy\" decoding=\"async\" class=\"aligncenter size-medium wp-image-2932\" src=\"http:\/\/www.emergentberlinfest.de\/wp-content\/uploads\/2018\/10\/Work2-300x259.jpg\" alt=\"Work2\" width=\"300\" height=\"259\" srcset=\"https:\/\/www.emergentberlinfest.de\/wp-content\/uploads\/2018\/10\/Work2-300x259.jpg 300w, https:\/\/www.emergentberlinfest.de\/wp-content\/uploads\/2018\/10\/Work2-1024x884.jpg 1024w\" sizes=\"auto, (max-width: 300px) 100vw, 300px\" \/><\/p>\n<div>+++ nur mit Voranmeldung per Mail an Nina: <a href=\"mailto:nina.brachmann@gmail.com\" target=\"_blank\" rel=\"noopener\">nina.brachmann@gmail.com<\/a> | Kostenbeitrag 35\u20ac +++<\/div>\n<div><\/div>\n<div><strong>Beim Mosaik geht es darum viele kleine Teilchen zu einem Gesamtbild zusammenzusetzen. Was w\u00e4re daf\u00fcr besser geeignet als Materialien, die sowieso schon zu Bruch gegangen sind? In diesem Workshop wollen wir kaputtem Geschirr und alten Fliesen ein neues Leben als Kunstwerk geben.<\/strong><\/div>\n<div><\/div>\n<div>Aus einem bunten Materialfundus k\u00f6nnt ihr euch eure Lieblingsfarbkombi zusammenstellen. Nina von MosiMosa zeigt euch wie ihr die Scherben in die passende Form schneiden k\u00f6nnt und sie nach euren Vorstellungen zu einem Bild zusammensetzt. Nach einem Tee- und Kuchenp\u00e4uschen geht es ans Verfugen. Et voil\u00e0 &#8211; euer eigenes kleines Mosaik! Jede*r von euch wird Sch\u00f6pfer*in eines eigenen Wunderwerkes von etwa 15x15cm Gr\u00f6\u00dfe. Das kann ein Mandala werden, ein T\u00fcrschild, Untersetzer oder einfach ein sch\u00f6nes Mosaik-Bild.<\/div>\n<div><\/div>\n<div><strong>Bitte mitbringen:<\/strong><\/div>\n<p><strong>\u2022 eure Lieblingstasse\/-teller, falls diese kaputt in der Ecke liegen<\/strong> und auf eine Wiederbelebung wartet &#8211; gerne auch andere Dinge aus Porzellan oder Keramik, die ihr h\u00fcbsch findet und mit einarbeiten m\u00f6chtet<br \/>\n<strong>\u2022 Kleidung die schmutzig werden kann<\/strong>, denn beim Kleben und Verfugen wird\u2019s schmuddelig<\/p>\n<div>Keinerlei Vorkenntnisse erforderlich!<\/div>\n<div><\/div>\n<div>++++++<\/div>\n<p>[:]<\/p>\n","protected":false},"excerpt":{"rendered":"<p>[:en] Every Tuesday an open meeting point for collective every day actions. Participate in the trim tab collective&#8217;s weekly action night @ Baumhaus. We come together as neighbors who want to organize their own every day consumption better, nicer and in solidarity. Come by &amp; join us! We\u2019re starting at 7pm: the most important news &hellip; <a href=\"https:\/\/www.emergentberlinfest.de\/index.php\/action-night\/\" class=\"more-link\">Continue reading <span class=\"screen-reader-text\">[:en]&#8230; Action Nights![:de]&#8230; Aktionsabend![:]<\/span><\/a><\/p>\n","protected":false},"author":1,"featured_media":0,"parent":0,"menu_order":0,"comment_status":"closed","ping_status":"open","template":"","meta":{"footnotes":""},"class_list":["post-2543","page","type-page","status-publish","hentry"],"_links":{"self":[{"href":"https:\/\/www.emergentberlinfest.de\/index.php\/wp-json\/wp\/v2\/pages\/2543","targetHints":{"allow":["GET"]}}],"collection":[{"href":"https:\/\/www.emergentberlinfest.de\/index.php\/wp-json\/wp\/v2\/pages"}],"about":[{"href":"https:\/\/www.emergentberlinfest.de\/index.php\/wp-json\/wp\/v2\/types\/page"}],"author":[{"embeddable":true,"href":"https:\/\/www.emergentberlinfest.de\/index.php\/wp-json\/wp\/v2\/users\/1"}],"replies":[{"embeddable":true,"href":"https:\/\/www.emergentberlinfest.de\/index.php\/wp-json\/wp\/v2\/comments?post=2543"}],"version-history":[{"count":16,"href":"https:\/\/www.emergentberlinfest.de\/index.php\/wp-json\/wp\/v2\/pages\/2543\/revisions"}],"predecessor-version":[{"id":2936,"href":"https:\/\/www.emergentberlinfest.de\/index.php\/wp-json\/wp\/v2\/pages\/2543\/revisions\/2936"}],"wp:attachment":[{"href":"https:\/\/www.emergentberlinfest.de\/index.php\/wp-json\/wp\/v2\/media?parent=2543"}],"curies":[{"name":"wp","href":"https:\/\/api.w.org\/{rel}","templated":true}]}}