{"id":3197,"date":"2019-07-05T13:44:07","date_gmt":"2019-07-05T11:44:07","guid":{"rendered":"http:\/\/www.emergentberlinfest.de\/?page_id=3197"},"modified":"2019-10-03T00:29:29","modified_gmt":"2019-10-02T22:29:29","slug":"oscedays-berlin-2019","status":"publish","type":"page","link":"https:\/\/www.emergentberlinfest.de\/index.php\/oscedays-berlin-2019\/","title":{"rendered":"\/\/ OSCEdays Berlin 2019"},"content":{"rendered":"<p>[:en]<img loading=\"lazy\" decoding=\"async\" class=\"alignright size-large wp-image-3215\" src=\"http:\/\/www.emergentberlinfest.de\/wp-content\/uploads\/2019\/07\/xUBAO8d-1024x459.png\" alt=\"xUBAO8d\" width=\"660\" height=\"296\" srcset=\"https:\/\/www.emergentberlinfest.de\/wp-content\/uploads\/2019\/07\/xUBAO8d-1024x459.png 1024w, https:\/\/www.emergentberlinfest.de\/wp-content\/uploads\/2019\/07\/xUBAO8d-300x134.png 300w\" sizes=\"auto, (max-width: 660px) 100vw, 660px\" \/><\/p>\n<h1><span style=\"color: #ff6600;\"><strong>\u201c0 Waste Kiez\u201d<br \/>\n<\/strong><\/span><\/h1>\n<p>(<a href=\"http:\/\/www.emergentberlinfest.de\/index.php\/oscedays-berlin-2019\/?lang=de\">de<\/a>)<\/p>\n<p><strong><span class=\"im\">The Open Source Circular Economy Days (OSCEdays) Berlin are back in 2019! As every year, it&#8217;s about openly sharing knowledge for a sustainable, waste free world and for a circular economy. <\/span><br \/>\n<\/strong><\/p>\n<p>This year, the OSCEdays is co-hosted by Baumhaus Berlin as a part of the 7th annual Emergent Berlin Fest. The Baumhaus collective is running an open project space for sustainability in Berlin-Wedding and is currently developing a new project for next year.\u00a0 Baumhaus and it&#8217;s neighbors want to bring their &#8220;Kiez&#8221; (= Berlin style neighborhood) on the path towards Zero Waste &#8211; and become the first Zero Waste Kiez in the city. That&#8217;s why the OSCEdays comes to Baumhaus this year. <strong>On-site, for two days, we&#8217;ll do practical and theoretical experiments for transitioning a Kiez into a zero-waste-circular-kiez!<\/strong> Join us, contribute or just drop by!<strong><br \/>\n<\/strong><\/p>\n<p><i>*The OSCEdays are opening this year&#8217;s Emergent Berlin Festival &#8211; ten days of exploring the question, &#8220;How we can design our places &amp; spaces in the offline-world better and more sustainably?&#8221;\u00a0 A waste free, non-toxic, climate friendly neighborhood is part of that for sure, and that&#8217;s why the festival opens with the OSCEdays and this theme.<\/i><\/p>\n<h1 class=\"part\" data-startline=\"8\" data-endline=\"8\">TICKETS<\/h1>\n<p><a href=\"https:\/\/www.eventbrite.de\/e\/oscedays-berlin-2019-tickets-64493835799\" target=\"_blank\">click here<\/a><\/p>\n<h1 id=\"PROGRAMME---OSCEdays-Berlin-2019\" class=\"part\" data-startline=\"8\" data-endline=\"8\"><span style=\"color: #ff6600;\">PROGRAM\u00a0<\/span><\/h1>\n<div><strong><a href=\"https:\/\/hackmd.io\/FQBzT-YKTgqIfj4KKaChBA\" target=\"_blank\">click here<\/a>\u00a0<\/strong><\/div>\n<div><\/div>\n<div style=\"text-align: center;\"><span style=\"color: #ffffff;\">\u00a0\\(\u25cf\u25e0\u203f\u25e0\u25cf)\/<\/span><\/div>\n<div style=\"text-align: center;\"><span style=\"color: #ffffff;\">\u00a0<\/span><\/div>\n<div style=\"text-align: center;\"><span style=\"color: #ffffff;\">\\(\u25cf\u25e0\u203f\u25e0\u25cf)\/<\/span><\/div>\n<div style=\"text-align: center;\"><\/div>\n<div style=\"text-align: center;\">\\(\u25cf\u25e0\u203f\u25e0\u25cf)\/<\/div>\n<div style=\"text-align: center;\"><em>see you at the event!<\/em><\/div>\n<div style=\"text-align: center;\"><\/div>\n<div style=\"text-align: center;\"><span style=\"color: #ffffff;\">\\(\u25cf\u25e0\u203f\u25e0\u25cf)\/<\/span><\/div>\n<div style=\"text-align: center;\"><\/div>\n<div style=\"text-align: center;\"><span style=\"color: #ffffff;\">\\(\u25cf\u25e0\u203f\u25e0\u25cf)\/<\/span><\/div>\n<div><\/div>\n<div><\/div>\n<div><\/div>\n<p><img loading=\"lazy\" decoding=\"async\" class=\"alignright size-large wp-image-3298\" src=\"http:\/\/www.emergentberlinfest.de\/wp-content\/uploads\/2019\/09\/2huZmte-1024x418.png\" alt=\"2huZmte\" width=\"660\" height=\"269\" srcset=\"https:\/\/www.emergentberlinfest.de\/wp-content\/uploads\/2019\/09\/2huZmte-1024x418.png 1024w, https:\/\/www.emergentberlinfest.de\/wp-content\/uploads\/2019\/09\/2huZmte-300x123.png 300w, https:\/\/www.emergentberlinfest.de\/wp-content\/uploads\/2019\/09\/2huZmte.png 1959w\" sizes=\"auto, (max-width: 660px) 100vw, 660px\" \/><\/p>\n<h1><\/h1>\n<div style=\"text-align: center;\"><span style=\"color: #ffffff;\">\\(\u25cf\u25e0\u203f\u25e0\u25cf)\/<\/span><\/div>\n<div style=\"text-align: center;\"><span style=\"color: #ffffff;\">\\(\u25cf\u25e0\u203f\u25e0\u25cf)\/<\/span><\/div>\n<h1><\/h1>\n<h1><span style=\"color: #ff6600;\"><strong>ARCHIVE: Call For Content 2019: Contribute a Session, Workshop or Lecture<br \/>\n<\/strong><\/span><\/h1>\n<p><b>We&#8217;re looking forward to your ideas and program contributions, from practical hands-on workshops, e.g. bioplastic and waste reduction or street art, to lectures and thinking sessions on the topic.<\/b><\/p>\n<p>Please send your contribution by e-mail to info@baumhausberlin.de with (1) a title, (2) a short description incl. a short info about you with links, (3) needed equipment, e.g. beamer, table, stove, and, if you have one (4) a pic as well. You&#8217;ll hear back from us by October 1st the latest. If you have any questions, don&#8217;t hesitate to contact us. You can also give us a call: 017621865009 (Lars)<\/p>\n<p>PER MAIL TO: info@baumhausberlin.de<\/p>\n<p><strong>More Info<br \/>\n<\/strong><\/p>\n<p>Here a few links with info about the event, the hosts, the ideas etc.<span class=\"im\"><br \/>\n<strong> \u2022 <\/strong>the <a href=\"https:\/\/oscedays.org\" target=\"_blank\" data-saferedirecturl=\"https:\/\/www.google.com\/url?q=https:\/\/oscedays.org&amp;source=gmail&amp;ust=1562698575599000&amp;usg=AFQjCNHngXR0O2YroHwGShnQuBBDhE0ARA\">global OSCEdays-Project<\/a> (OSCEdays Berlin is a part of it)<br \/>\n\u2022 the hosts: <a href=\"https:\/\/baumhausberlin.de\" target=\"_blank\" data-saferedirecturl=\"https:\/\/www.google.com\/url?q=https:\/\/baumhausberlin.de&amp;source=gmail&amp;ust=1562698575599000&amp;usg=AFQjCNERX2ekWp3LBPCVOreBCnQ5BU1Q0A\">Das Baumhaus<\/a>, <a href=\"http:\/\/mifactori.de\" target=\"_blank\" data-saferedirecturl=\"https:\/\/www.google.com\/url?q=http:\/\/mifactori.de&amp;source=gmail&amp;ust=1562698575599000&amp;usg=AFQjCNGLly5539mMjX9fZTgu-EDLzwmUXQ\">Mifactori<\/a> &amp; <a href=\"https:\/\/opencircularitiy.info\" target=\"_blank\" data-saferedirecturl=\"https:\/\/www.google.com\/url?q=https:\/\/opencircularitiy.info&amp;source=gmail&amp;ust=1562698575599000&amp;usg=AFQjCNE6JmnCe21LE9G7gC7Nu58MvqWSlg\">Open Circularity<\/a> (so far, more partner to come)<strong><br \/>\n\u2022 <\/strong>OSCEdays Berlin 2018 \u2013 <a href=\"http:\/\/oscedaysberlin2018.opencircularity.info\/\" target=\"_blank\" data-saferedirecturl=\"https:\/\/www.google.com\/url?q=http:\/\/oscedaysberlin2018.opencircularity.info\/&amp;source=gmail&amp;ust=1562698575599000&amp;usg=AFQjCNHbPIVl0h8I1UhYlyXhLWIF6syccQ\">Website<\/a> \u2013 <a href=\"https:\/\/community.oscedays.org\/t\/program-oscedays-berlin-2018\/6652\" target=\"_blank\" data-saferedirecturl=\"https:\/\/www.google.com\/url?q=https:\/\/community.oscedays.org\/t\/program-oscedays-berlin-2018\/6652&amp;source=gmail&amp;ust=1562698575599000&amp;usg=AFQjCNFuih51lnlD5AUn-dGypdlbZ_8RSA\">Program<\/a> \u2013 <a href=\"http:\/\/oscedaysberlin2018.opencircularity.info\/faq\/\" target=\"_blank\" data-saferedirecturl=\"https:\/\/www.google.com\/url?q=http:\/\/oscedaysberlin2018.opencircularity.info\/faq\/&amp;source=gmail&amp;ust=1562698575599000&amp;usg=AFQjCNEXFJlUbpBYi4sKG0FwpWEBhfneog\">&amp; FAQ<\/a><strong><br \/>\n\u2022 <\/strong>OSCEdays Berlin 2017 \u2013 <a href=\"https:\/\/drive.google.com\/file\/d\/0BwY4tzEwMdVcbTlJMjBacHhxbVE\/view\" target=\"_blank\" data-saferedirecturl=\"https:\/\/www.google.com\/url?q=https:\/\/drive.google.com\/file\/d\/0BwY4tzEwMdVcbTlJMjBacHhxbVE\/view&amp;source=gmail&amp;ust=1562698575599000&amp;usg=AFQjCNHs9GI7CKs1_yNcBXDTuV_dLQUorw\">Report<\/a> \u2013 <a href=\"https:\/\/drive.google.com\/file\/d\/0BwY4tzEwMdVcVjJ2YnRCZkFoQW8\/view\" target=\"_blank\" data-saferedirecturl=\"https:\/\/www.google.com\/url?q=https:\/\/drive.google.com\/file\/d\/0BwY4tzEwMdVcVjJ2YnRCZkFoQW8\/view&amp;source=gmail&amp;ust=1562698575599000&amp;usg=AFQjCNFmNm2emBgY4Xx_N-OM-8VSMLKftQ\">Program<\/a> \u2013 <a href=\"https:\/\/www.flickr.com\/photos\/156916175@N05\/albums\/with\/72157686288509276\" target=\"_blank\" data-saferedirecturl=\"https:\/\/www.google.com\/url?q=https:\/\/www.flickr.com\/photos\/156916175@N05\/albums\/with\/72157686288509276&amp;source=gmail&amp;ust=1562698575599000&amp;usg=AFQjCNGML_aDzak9piihf_9jmAAzUT_Rmw\">Pics<\/a><strong><br \/>\n\u2022 <\/strong><a href=\"http:\/\/larszimmermann.de\/video-utopia-open-source-circular-economy\/\" target=\"_blank\" data-saferedirecturl=\"https:\/\/www.google.com\/url?q=http:\/\/larszimmermann.de\/video-utopia-open-source-circular-economy\/&amp;source=gmail&amp;ust=1562698575599000&amp;usg=AFQjCNFyInGcs9PqKCMK8bRaKuIfanFWFg\">Video &amp; Essay: \u201eOpen Source Circularity \u2013 what is it and why do we need it? \u201c? <\/a><strong><br \/>\n\u2022 <\/strong><a href=\"http:\/\/mifactori.de\/make-it-circular-an-open-poster-to-download\/\" target=\"_blank\" data-saferedirecturl=\"https:\/\/www.google.com\/url?q=http:\/\/mifactori.de\/make-it-circular-an-open-poster-to-download\/&amp;source=gmail&amp;ust=1562698575599000&amp;usg=AFQjCNGkT3-Y3s3u5iYmdCpUReZ0gGpl1A\">Make it Circular \u2013 a open poster with instructions for sustainable design<\/a><\/span><\/p>\n<p><a href=\"http:\/\/www.emergentberlinfest.de\/wp-content\/uploads\/2019\/07\/OSCE-POSTER-EN.png\"><img loading=\"lazy\" decoding=\"async\" class=\"alignright wp-image-3213 size-large\" src=\"http:\/\/www.emergentberlinfest.de\/wp-content\/uploads\/2019\/07\/OSCE-POSTER-EN-723x1024.png\" alt=\"\" width=\"660\" height=\"935\" srcset=\"https:\/\/www.emergentberlinfest.de\/wp-content\/uploads\/2019\/07\/OSCE-POSTER-EN-723x1024.png 723w, https:\/\/www.emergentberlinfest.de\/wp-content\/uploads\/2019\/07\/OSCE-POSTER-EN-212x300.png 212w, https:\/\/www.emergentberlinfest.de\/wp-content\/uploads\/2019\/07\/OSCE-POSTER-EN.png 765w\" sizes=\"auto, (max-width: 660px) 100vw, 660px\" \/><\/a>[:de]<img loading=\"lazy\" decoding=\"async\" class=\"alignright size-large wp-image-3215\" src=\"http:\/\/www.emergentberlinfest.de\/wp-content\/uploads\/2019\/07\/xUBAO8d-1024x459.png\" alt=\"xUBAO8d\" width=\"660\" height=\"296\" srcset=\"https:\/\/www.emergentberlinfest.de\/wp-content\/uploads\/2019\/07\/xUBAO8d-1024x459.png 1024w, https:\/\/www.emergentberlinfest.de\/wp-content\/uploads\/2019\/07\/xUBAO8d-300x134.png 300w\" sizes=\"auto, (max-width: 660px) 100vw, 660px\" \/><\/p>\n<h1><span style=\"color: #ff6600;\"><strong>\u201c0 Waste Kiez\u201d<br \/>\n<\/strong><\/span><\/h1>\n<p>(<a href=\"http:\/\/www.emergentberlinfest.de\/index.php\/oscedays-berlin-2019\/?lang=en\">en<\/a>)<strong><br \/>\n<\/strong><\/p>\n<p><strong>Die Open Source Circular Economy Days (OSCEdays) Berlin sind 2019 wieder da! Und wie jedes Jahr geht es wieder um das offene Teilen von Wissen f\u00fcr eine nachhaltige m\u00fcllfreie Welt und Kreislaufwirtschaft.<br \/>\n<\/strong><\/p>\n<p>Die OSCEdays haben dieses Jahr das Emergent Berlin Fest bzw. dessen Veranstalter Baumhaus Berlin als co-host. Das Baumhaus-Kollektiv betreibt einen offenen Projektraum f\u00fcr sozial-\u00f6kologischen Wandel im Wedding und entwickelt gerade ein neues Projekt: im kommenden Jahr wollen das Baumhaus und seine Nachbar*innen ihren Kiez auf den Weg zu Zero Waste bringen &#8211; und der erste Zero Waste Kiez der Stadt werden. Deshalb kommen die OSCEdays dieses Jahr ins Baumhaus. <strong>Vor Ort werden wir zwei Tage lang praktische und theoretische Experimente machen zur Umgestaltung eines ganzen Kiezes zum Zero-Waste-Kreislaufkiez! <\/strong>Macht mit, bringt euch ein oder kommt vorbei!<strong><br \/>\n<\/strong><\/p>\n<p><em>*Die OSCEdays stehen am Anfang des Emergent Berlin Festivals, das f\u00fcr insgesamt zehn Tage der Frage nachgehen wird, wie wir unsere Orte in der Offline-Welt besser und nachhaltiger gestalten k\u00f6nnen. Und ein m\u00fcllfreier, giftfreier, klimafreundlicher Kiez geh\u00f6rt bestimmt dazu und darum er\u00f6ffnet das Festival mit den OSCEdays und diesem Thema.<\/em><\/p>\n<h1 class=\"part\" data-startline=\"8\" data-endline=\"8\">TICKETS<\/h1>\n<p><a href=\"https:\/\/www.eventbrite.de\/e\/oscedays-berlin-2019-tickets-64493835799\" target=\"_blank\">Hier klicken<\/a><\/p>\n<h1 id=\"PROGRAMME---OSCEdays-Berlin-2019\" class=\"part\" data-startline=\"8\" data-endline=\"8\"><span style=\"color: #ff6600;\">PROGRAM\u00a0<\/span><\/h1>\n<div><strong><a href=\"https:\/\/hackmd.io\/FQBzT-YKTgqIfj4KKaChBA\" target=\"_blank\">Hier klicken<\/a>\u00a0<\/strong><\/div>\n<div><\/div>\n<div style=\"text-align: center;\"><span style=\"color: #ffffff;\">\u00a0\\(\u25cf\u25e0\u203f\u25e0\u25cf)\/<\/span><\/div>\n<div style=\"text-align: center;\"><span style=\"color: #ffffff;\">\u00a0<\/span><\/div>\n<div style=\"text-align: center;\"><span style=\"color: #ffffff;\">\\(\u25cf\u25e0\u203f\u25e0\u25cf)\/<\/span><\/div>\n<div style=\"text-align: center;\"><\/div>\n<div style=\"text-align: center;\">\\(\u25cf\u25e0\u203f\u25e0\u25cf)\/<\/div>\n<div style=\"text-align: center;\"><span style=\"color: #ffffff;\">\u267d<\/span><\/div>\n<div style=\"text-align: center;\"><em>Wir sehen uns im Baumhaus!\u00a0<\/em><\/div>\n<div style=\"text-align: center;\"><\/div>\n<div style=\"text-align: center;\"><span style=\"color: #ffffff;\">\\(\u25cf\u25e0\u203f\u25e0\u25cf)\/<\/span><\/div>\n<div style=\"text-align: center;\"><\/div>\n<div style=\"text-align: center;\"><span style=\"color: #ffffff;\">\\(\u25cf\u25e0\u203f\u25e0\u25cf)\/<\/span><\/div>\n<div><\/div>\n<div><\/div>\n<div><\/div>\n<p><img loading=\"lazy\" decoding=\"async\" class=\"alignright size-large wp-image-3298\" src=\"http:\/\/www.emergentberlinfest.de\/wp-content\/uploads\/2019\/09\/2huZmte-1024x418.png\" alt=\"2huZmte\" width=\"660\" height=\"269\" srcset=\"https:\/\/www.emergentberlinfest.de\/wp-content\/uploads\/2019\/09\/2huZmte-1024x418.png 1024w, https:\/\/www.emergentberlinfest.de\/wp-content\/uploads\/2019\/09\/2huZmte-300x123.png 300w, https:\/\/www.emergentberlinfest.de\/wp-content\/uploads\/2019\/09\/2huZmte.png 1959w\" sizes=\"auto, (max-width: 660px) 100vw, 660px\" \/><\/p>\n<h1><\/h1>\n<div style=\"text-align: center;\"><span style=\"color: #ffffff;\">\\(\u25cf\u25e0\u203f\u25e0\u25cf)\/<\/span><\/div>\n<div style=\"text-align: center;\"><span style=\"color: #ffffff;\">\\(\u25cf\u25e0\u203f\u25e0\u25cf)\/<\/span><\/div>\n<h1 class=\"part\" data-startline=\"8\" data-endline=\"8\"><\/h1>\n<h1 id=\"PROGRAMME---OSCEdays-Berlin-2019\" class=\"part\" data-startline=\"8\" data-endline=\"8\"><\/h1>\n<h1><span style=\"color: #ff6600;\"><strong>ARCHIV: Call For Content: <\/strong><strong>Session, Workshop oder Vortrag einreichen<\/strong><\/span><\/h1>\n<p><strong>Wir freuen uns \u00fcber eure Ideen und Programmpunkte von praktischen Hands-On-Workshops z.B. zu Bioplastik, M\u00fcllvermeidung oder Street-Art \u00fcber Vortr\u00e4ge bis hin zu Nachdenksessions zum Thema<\/strong>.<\/p>\n<p>Schickt uns euren Beitrag per Mail an info@baumhausberlin.de mit (1) einem Titel, (2) einer Kurzbeschreibung der Session inklusive einer kurze Beschreibung zu euch und eventuell Links, (3) ben\u00f6tigter Ausstattung wie z.B. \u201eBeamer, Tisch, Herd\u201c, und, falls ihr eins habt, (4) auch einem Bild. Bis sp\u00e4testens 1. Oktober h\u00f6rt ihr von uns zur\u00fcck. Fall ihr Fragen habt, k\u00f6nnt ihr auch einfach anrufen: 017621865009 (Lars)<\/p>\n<p>PER MAIL AN: info@baumhausberlin.de<\/p>\n<p><strong>Mehr Infos<\/strong><\/p>\n<p>Hier sind ein paar Links mit Informationen zum Event, den Veranstaltern, den Ideen dahinter usw.<strong><br \/>\n\u2022 <\/strong>Das <a href=\"https:\/\/oscedays.org\">globale OSCEdays-Projekt<\/a> von dem Berlin ein Teil ist<br \/>\n\u2022 Die Veranstalter: <a href=\"https:\/\/baumhausberlin.de\">Das Baumhaus<\/a>, <a href=\"http:\/\/mifactori.de\">Mifactori<\/a> &amp; <a href=\"https:\/\/opencircularitiy.info\">Open Circularity<\/a> (bisherige Liste, weitere Partner folgen)<strong><br \/>\n\u2022 <\/strong>Die OSCEdays Berlin 2018 \u2013 <a href=\"http:\/\/oscedaysberlin2018.opencircularity.info\/\">mit Website<\/a> \u2013 <a href=\"https:\/\/community.oscedays.org\/t\/program-oscedays-berlin-2018\/6652\">Programm<\/a> \u2013 <a href=\"http:\/\/oscedaysberlin2018.opencircularity.info\/faq\/\">&amp; FAQ<\/a><strong><br \/>\n\u2022 <\/strong>Die OSCEdays Berlin 2017 \u2013 <a href=\"https:\/\/drive.google.com\/file\/d\/0BwY4tzEwMdVcbTlJMjBacHhxbVE\/view\">Bericht<\/a> \u2013 <a href=\"https:\/\/drive.google.com\/file\/d\/0BwY4tzEwMdVcVjJ2YnRCZkFoQW8\/view\">Programm<\/a> \u2013\u00a0<a href=\"https:\/\/www.flickr.com\/photos\/156916175@N05\/albums\/with\/72157686288509276\">Bilder<\/a><strong><br \/>\n\u2022 <\/strong><a href=\"http:\/\/larszimmermann.de\/video-utopia-open-source-circular-economy\/\">Ein Video und Essay zur Frage: \u201eWas ist Open Source Circular Economy\u201c? <\/a><strong><br \/>\n\u2022 <\/strong><a href=\"http:\/\/mifactori.de\/make-it-circular-an-open-poster-to-download\/\">Baue Kreisl\u00e4ufe \u2013 Ein Poster mit Anleitungen f\u00fcr nachhaltiges Design<\/a><\/p>\n<p><img loading=\"lazy\" decoding=\"async\" class=\"alignright size-large wp-image-3214\" src=\"http:\/\/www.emergentberlinfest.de\/wp-content\/uploads\/2019\/07\/Poster-OSCE-722x1024.png\" alt=\"Poster OSCE\" width=\"660\" height=\"936\" srcset=\"https:\/\/www.emergentberlinfest.de\/wp-content\/uploads\/2019\/07\/Poster-OSCE.png 722w, https:\/\/www.emergentberlinfest.de\/wp-content\/uploads\/2019\/07\/Poster-OSCE-212x300.png 212w\" sizes=\"auto, (max-width: 660px) 100vw, 660px\" \/>[:]<\/p>\n","protected":false},"excerpt":{"rendered":"<p>[:en] \u201c0 Waste Kiez\u201d (de) The Open Source Circular Economy Days (OSCEdays) Berlin are back in 2019! As every year, it&#8217;s about openly sharing knowledge for a sustainable, waste free world and for a circular economy. This year, the OSCEdays is co-hosted by Baumhaus Berlin as a part of the 7th annual Emergent Berlin Fest. &hellip; <a href=\"https:\/\/www.emergentberlinfest.de\/index.php\/oscedays-berlin-2019\/\" class=\"more-link\">Continue reading <span class=\"screen-reader-text\">\/\/ OSCEdays Berlin 2019<\/span><\/a><\/p>\n","protected":false},"author":1,"featured_media":0,"parent":0,"menu_order":0,"comment_status":"closed","ping_status":"open","template":"","meta":{"footnotes":""},"class_list":["post-3197","page","type-page","status-publish","hentry"],"_links":{"self":[{"href":"https:\/\/www.emergentberlinfest.de\/index.php\/wp-json\/wp\/v2\/pages\/3197","targetHints":{"allow":["GET"]}}],"collection":[{"href":"https:\/\/www.emergentberlinfest.de\/index.php\/wp-json\/wp\/v2\/pages"}],"about":[{"href":"https:\/\/www.emergentberlinfest.de\/index.php\/wp-json\/wp\/v2\/types\/page"}],"author":[{"embeddable":true,"href":"https:\/\/www.emergentberlinfest.de\/index.php\/wp-json\/wp\/v2\/users\/1"}],"replies":[{"embeddable":true,"href":"https:\/\/www.emergentberlinfest.de\/index.php\/wp-json\/wp\/v2\/comments?post=3197"}],"version-history":[{"count":44,"href":"https:\/\/www.emergentberlinfest.de\/index.php\/wp-json\/wp\/v2\/pages\/3197\/revisions"}],"predecessor-version":[{"id":3427,"href":"https:\/\/www.emergentberlinfest.de\/index.php\/wp-json\/wp\/v2\/pages\/3197\/revisions\/3427"}],"wp:attachment":[{"href":"https:\/\/www.emergentberlinfest.de\/index.php\/wp-json\/wp\/v2\/media?parent=3197"}],"curies":[{"name":"wp","href":"https:\/\/api.w.org\/{rel}","templated":true}]}}