{"id":89,"date":"2015-06-11T13:32:41","date_gmt":"2015-06-11T11:32:41","guid":{"rendered":"http:\/\/www.emergentberlin.de\/?page_id=89"},"modified":"2015-09-11T20:56:47","modified_gmt":"2015-09-11T18:56:47","slug":"praesentationen","status":"publish","type":"page","link":"https:\/\/www.emergentberlinfest.de\/index.php\/program\/praesentationen\/","title":{"rendered":"[:de] . . . Projektpr\u00e4sentationen[:en] . . .  Project Presentations[:tr]. . . Proje Sunumlar\u0131[:]"},"content":{"rendered":"<p>[:de]Welche neuen Ideen, Kooperationen und Projekte f\u00fcr sozialere und \u00f6kologischere Lebensstile entstehen zur Zeit in Berlin? Lokale Initiativen, Sozialunternehmen und Einzelpersonen stellen sich am <strong>Samstag zwischen 11 &#8211; 16 Uhr<\/strong>\u00a0 in Kurzpr\u00e4sentationen vor. Dieses Jahr mit dabei:<\/p>\n<p><strong>\u2022 11:00 Begr\u00fc\u00dfung<br \/>\n\u2022 11:15 Question project<br \/>\n<\/strong><strong>\u2022 11:30 Earthships<br \/>\n<\/strong><strong>\u2022 11:45 Innovationaid<\/strong><br \/>\n<strong>\u2022 12:00\u00a0Heart und Soil<br \/>\n\u2022 12:15 Berlin Food Directory<\/strong><b><br \/>\n<\/b> <strong>\u2022 12:30 Smart Deli<\/strong><br \/>\n<strong>\u2022 12:45\u00a0Personal Sustainability<strong><br \/>\n\u2022 13:00 Future Fashion Forward<\/strong><\/strong><br \/>\n<b><strong>\u2022 13:15 Naturtrip<\/strong><\/b><br \/>\n<strong>\u2022 13:30 OSCE-Days<\/strong><b><br \/>\n<\/b> <strong>\u2022 13:45 Good Impact<\/strong><br \/>\n<strong>\u2022 14:00 De-Commodifying\u00a0Yoga<br \/>\n<\/strong><strong>\u2022 14:15 Kulturlabor Trial &amp; Error<br \/>\n<strong>\u2022 14:30 Gr\u00fcne Liga\u00a0<\/strong><b><br \/>\n<\/b> <strong>\u2022 14:45 Cradle to cradle<\/strong><br \/>\n<\/strong><b>\u2022 15:00 Ecosia<br \/>\n<strong>\u2022 15:15 Green Buzz<br \/>\n\u2022 15:30 Berlin im Wandel<\/strong><br \/>\n<\/b> <strong>\u2022 15:45 Kiezpopcorn<br \/>\n\u2022 16:00 Wir haben es satt!<\/strong><\/p>\n<h2><span style=\"color: #99cc00;\">Mehr Infos \u00fcber einige der Projekte<\/span><\/h2>\n<h3>Richard &#8211; question project<\/h3>\n<p><img loading=\"lazy\" decoding=\"async\" class=\"alignleft size-medium wp-image-1206\" src=\"http:\/\/www.emergentberlinfest.de\/wp-content\/uploads\/2015\/06\/11994260_10200939211799038_69959551_n-225x300.jpg\" alt=\"11994260_10200939211799038_69959551_n\" width=\"225\" height=\"300\" srcset=\"https:\/\/www.emergentberlinfest.de\/wp-content\/uploads\/2015\/06\/11994260_10200939211799038_69959551_n-225x300.jpg 225w, https:\/\/www.emergentberlinfest.de\/wp-content\/uploads\/2015\/06\/11994260_10200939211799038_69959551_n.jpg 600w\" sizes=\"auto, (max-width: 225px) 100vw, 225px\" \/>walking around with a yellow question mark, Richard connects people with eachother and with their own creativity. In this short talk he will share his findings and invite you time embody your own question. Changing Berlin, one question at a time.<\/p>\n<div><\/div>\n<h3>Yumi &#8211; Smart Deli<\/h3>\n<p>I would like to make a little speech on my thoughts, \u201cGentrification\u201d and having a \u201cSustainable Business\u201d through my experience.\u00a0www.smartdeli.org<\/p>\n<h3><strong>Kulturlabor Trial&amp;Error e.V<\/strong><\/h3>\n<p><a href=\"http:\/\/www.emergentberlinfest.de\/wp-content\/uploads\/2015\/06\/TrialError.jpg\" target=\"_blank\"><img loading=\"lazy\" decoding=\"async\" class=\" size-thumbnail wp-image-818 alignleft\" src=\"http:\/\/www.emergentberlinfest.de\/wp-content\/uploads\/2015\/06\/TrialError-150x150.jpg\" alt=\"Trial&amp;Error\" width=\"150\" height=\"150\" \/><\/a>Das Kulturlabor <a href=\"http:\/\/kulturlabortrialerror.jimdo.com\/\" target=\"_blank\">Trial&amp;Error e.V.<\/a> ist ein Netzwerk von aktiven Do-it-Yourself Freaks, Craftivsts, Grafikern, Upcyclern, Aktivisten, Journalisten, Denkern, Machern, Philosophen, K\u00fcnstlern und Street Artists, welches soziale und kulturelle Projekte realisiert. Im Mai 2010 wurde der Verein Kulturlabor Trial&amp;Error e.V. gegr\u00fcndet. Wir arbeiten mit kreativem Aktivismus, Nachhaltigkeit und der Entwicklung sozialer Netzwerke unter der Anwendung der Prinzipien \u201eUpcyling&#8221; und \u201eDo-It-Yourself&#8221;, sowie Open Source Culture und nicht-formaler Bildung.\u00a0Wir realisieren lokale und internationale Projekte die durch praktische Workshops, Festivals, Ausstellungen, Aktionen im \u00f6ffentlichen Raum sowie Strassentheater und Flashmobs, Wissen vermitteln.<\/p>\n<p><a href=\"http:\/\/www.trial-error.org\/\" target=\"_blank\">www.trial-error.org<\/a><\/p>\n<p><a href=\"http:\/\/www.kulturlabortrialerror.jimdo.com\" target=\"_blank\"><img loading=\"lazy\" decoding=\"async\" class=\"alignnone wp-image-817 size-medium\" src=\"http:\/\/www.emergentberlinfest.de\/wp-content\/uploads\/2015\/06\/Tauschladen-photo-300x225.jpg\" alt=\"OLYMPUS DIGITAL CAMERA\" width=\"300\" height=\"225\" srcset=\"https:\/\/www.emergentberlinfest.de\/wp-content\/uploads\/2015\/06\/Tauschladen-photo-300x225.jpg 300w, https:\/\/www.emergentberlinfest.de\/wp-content\/uploads\/2015\/06\/Tauschladen-photo-1024x768.jpg 1024w\" sizes=\"auto, (max-width: 300px) 100vw, 300px\" \/><\/a><\/p>\n<h3>GreenBuzz Berlin e.V.<\/h3>\n<div>\n<h3><img loading=\"lazy\" decoding=\"async\" class=\"alignleft size-full wp-image-781\" src=\"http:\/\/www.emergentberlinfest.de\/wp-content\/uploads\/2015\/08\/Greenbuz_logo.jpg\" alt=\"Greenbuz_logo\" width=\"320\" height=\"100\" \/><\/h3>\n<p><a href=\"http:\/\/greenbuzz.de\" target=\"_blank\">Green Buzz e.V.<\/a> ist ein Verein zur F\u00f6rderung des Nachhaltigkeitsgedankens auf regionaler und internationaler Ebene durch Forschung, Bildung und Vernetzung. Zu diesem Zweck ist der Verein bestrebt Akteure aus verschiedenen Bereichen der Gesellschaft zu informieren, online und offline zu Vernetzen und Synergieeffekte zu erzeugen. Eine erste Aktivit\u00e4t um diesem Ziel n\u00e4her zu kommen, ist Sustainability Drinks, eine regelm\u00e4\u00dfige Networkingveranstaltung um die nachhaltige Gemeinschaft in Berlin zu verbinden.<\/p>\n<p>Mit Blick auf das \u201cP.E.A.C.E.S.\u201d framework, legt GreenBuzz Berlin einen Schwerpunkt auf Forschung, Bildung und Networking. Damit liefert es einen wesentlichen Beitrag zur Entwicklung von Projekten sowie zur pers\u00f6nlichen Entwicklung der Mitglieder und Teilnehmer. Jedes Event legt einen Schwerpunkt auf \u00f6kologische Aspekte, adressiert in der Regel aber auch \u00f6konomische Aspekte. Kulturelle Aspekte, Informationsaustausch und das Ziel von anderen und unseren Unterschieden zu lernen sind der Kern unserer Arbeit.<\/p>\n<p><a href=\"http:\/\/greenbuzzberlin.de\" target=\"_blank\">greenbuzzberlin.de<\/a><\/p>\n<p><a href=\"http:\/\/greenbuzz.de\" target=\"_blank\"><img loading=\"lazy\" decoding=\"async\" class=\" wp-image-830 size-medium alignleft\" src=\"http:\/\/www.emergentberlinfest.de\/wp-content\/uploads\/2015\/06\/1888975_420904481412563_8870965108810378858_o-300x201.jpeg\" alt=\"1888975_420904481412563_8870965108810378858_o\" width=\"300\" height=\"201\" srcset=\"https:\/\/www.emergentberlinfest.de\/wp-content\/uploads\/2015\/06\/1888975_420904481412563_8870965108810378858_o-300x201.jpeg 300w, https:\/\/www.emergentberlinfest.de\/wp-content\/uploads\/2015\/06\/1888975_420904481412563_8870965108810378858_o.jpeg 320w\" sizes=\"auto, (max-width: 300px) 100vw, 300px\" \/><\/a><\/p>\n<\/div>\n<h3><a href=\"https:\/\/www.ecosia.org\" target=\"_blank\"><img loading=\"lazy\" decoding=\"async\" class=\"alignleft  wp-image-1003\" src=\"http:\/\/www.emergentberlinfest.de\/wp-content\/uploads\/2015\/06\/Ecosia-logo-300x300.png\" alt=\"Ecosia logo\" width=\"190\" height=\"190\" srcset=\"https:\/\/www.emergentberlinfest.de\/wp-content\/uploads\/2015\/06\/Ecosia-logo-300x300.png 300w, https:\/\/www.emergentberlinfest.de\/wp-content\/uploads\/2015\/06\/Ecosia-logo-150x150.png 150w, https:\/\/www.emergentberlinfest.de\/wp-content\/uploads\/2015\/06\/Ecosia-logo.png 512w\" sizes=\"auto, (max-width: 190px) 100vw, 190px\" \/><\/a>Ecosia<\/h3>\n<p><span class=\"il\"><a href=\"https:\/\/www.ecosia.org\" target=\"_blank\">Ecosia<\/a><\/span> ist eine Suchmaschine, die mindestens 80% ihres Gewinns aus Werbeeinnahmen an ein Wiederaufforstungsprojekt in Burkina Faso spendet und damit die W\u00fcste begr\u00fcnt. Mit uns k\u00f6nnt ihr mit jeder Suche im Netz neue B\u00e4ume pflanzen!<\/p>\n<p><a href=\"https:\/\/www.ecosia.org\" target=\"_blank\"><img loading=\"lazy\" decoding=\"async\" class=\" size-medium wp-image-1004 alignnone\" src=\"http:\/\/www.emergentberlinfest.de\/wp-content\/uploads\/2015\/06\/Ecosia-Team-photo-300x201.png\" alt=\"Ecosia Team photo\" width=\"300\" height=\"201\" srcset=\"https:\/\/www.emergentberlinfest.de\/wp-content\/uploads\/2015\/06\/Ecosia-Team-photo-300x201.png 300w, https:\/\/www.emergentberlinfest.de\/wp-content\/uploads\/2015\/06\/Ecosia-Team-photo-1024x686.png 1024w, https:\/\/www.emergentberlinfest.de\/wp-content\/uploads\/2015\/06\/Ecosia-Team-photo.png 1800w\" sizes=\"auto, (max-width: 300px) 100vw, 300px\" \/><\/a><\/p>\n<h3>Cradle to Cradle<\/h3>\n<p>Eine Pr\u00e4sentation \u00fcber die Regionalgruppe Berlin des <a href=\"http:\/\/c2c-ev.de\" target=\"_blank\"><span class=\"il\">Cradle<\/span> to <span class=\"il\">Cradle<\/span> e.V. <\/a>und das C2C-Konzept &#8211; Geht das, eine Welt ohne M\u00fcll? Und wenn ja, wie? Und was tut dieser Verein daf\u00fcr?<\/p>\n<h3><span class=\"Apple-style-span\"><b>De-commercializing Healing Practices, Alternative Economies, and Grassroots Yoga<\/b><\/span><\/h3>\n<figure id=\"attachment_1227\" aria-describedby=\"caption-attachment-1227\" style=\"width: 300px\" class=\"wp-caption alignleft\"><img loading=\"lazy\" decoding=\"async\" class=\"size-medium wp-image-1227\" src=\"http:\/\/www.emergentberlinfest.de\/wp-content\/uploads\/2015\/06\/Cactus-300x190.jpg\" alt=\"DCIM100GOPROGOPR8964.\" width=\"300\" height=\"190\" srcset=\"https:\/\/www.emergentberlinfest.de\/wp-content\/uploads\/2015\/06\/Cactus-300x190.jpg 300w, https:\/\/www.emergentberlinfest.de\/wp-content\/uploads\/2015\/06\/Cactus-1024x649.jpg 1024w\" sizes=\"auto, (max-width: 300px) 100vw, 300px\" \/><figcaption id=\"caption-attachment-1227\" class=\"wp-caption-text\">DCIM100GOPROGOPR8964.<\/figcaption><\/figure>\n<p><span class=\"Apple-style-span\">I am a Kreuzberg-based yoga instructor experimenting in bringing yoga outside the yoga studio&#8211; which often makes yoga cost-prohibitive or socially intimidating. I will share my experience offering donation-based yoga in public or non-studio space and its relation to alternative economies&#8211; how barter systems can create equal exchanges, as well as open opportunities for people to access healing practices that are often reserved for those who can pay a higher cost. My goal is to share my thoughts about energy exchange and help people connect with grassroots healers. More info on my classes at <a href=\"http:\/\/www.sarahrosemaryyoga.tumblr.com\/\" target=\"_blank\">http:\/\/www.sarahrosemaryyoga.<wbr \/>tumblr.com<\/a><\/span><\/p>\n<h3>Berlin im Wandel<\/h3>\n<p>\u201eBerlin im Wandel&#8221; ist eine Web-Plattform zur Vernetzung der Menschen, die sich lokal f\u00fcr eine soziale und \u00f6kologische Transformation der Gesellschaft engagieren. Sie kombiniert ein soziales Netzwerk mit einer Berliner Kiezkarte, auf der nachhaltige Initiativen, Vereine und L\u00e4den in deiner N\u00e4he zu finden sind! Dazu kommt unsere lokale Onlinezeitung, die von Events berichtet und Akteure des Wandels zu Wort kommen l\u00e4sst.<br \/>\nBerlin im Wandel hat seine Wurzeln in Italien, wo der Verein Italia Che Cambia diese Idee bereits in verschiedenen Regionen erfolgreich umgesetzt hat. Jetzt kommt sie nach Deutschland und wir freuen uns, das erste Regionalportal,\u00a0<a href=\"http:\/\/berlin.imwandel.net\" target=\"_blank\">berlin.imwandel.net<\/a>, vorzustellen!<\/p>\n<h3>Kiezpopcorn<\/h3>\n<p>Kiezpopcorn ist eine multimediale Plattform \u00fcber nachhaltige und kreative Projekte, Initiativen und Start-Ups, die einen Einfluss auf die Kultur und das Leben hier in Berlin und dar\u00fcber hinaus haben. Auf je einer Projektseite zeigen wir mehr von den Projekten und fragen in einem Interview nach den Visionen, der Umsetzung der Ideen und zeigen in Bildern ein St\u00fcck von ihrer Welt. Monatlich holen wir im Wochenrhythmus kostenlos 3- 4 Projekte nach Kiezpopcorn, um eine gr\u00f6\u00dfere Sichtbarkeit in den sozialen Medien insbesondere f\u00fcr Starter f\u00fcr zu erreichen. Mitte Juli gingen wir mit den ersten Projekten aus dem Bezirk Friedrichshain | Kreuzberg an den Start. Neben der Plattform gibt es einen &#8220;Kiezpopcorn Stammtisch&#8221;, bei dem sich die Initiatoren treffen und austauschen k\u00f6nnen. Wir m\u00f6chten einen Ressourcenkreislauf zwischen den Teilnehmern etablieren, um die finanziellen Belastungen der einzelnen Projekte zu reduzieren, die die Initiatoren vor allem in der Anfangsphase belasten und ein Risiko darstellen k\u00f6nnen.<\/p>\n<h3>Good Impact<\/h3>\n<p><a href=\"http:\/\/goodimpact.org\" target=\"_blank\"><span class=\"il\">Good<\/span> <span class=\"il\">Impact<\/span><\/a> ist eine neue Online-Plattform, die den gesellschaftlichen Wandel begleitet, bestehend aus den Bereichen Magazin, Jobs und Events Wir berichten konstruktiv \u00fcber neue L\u00f6sungen f\u00fcr gesellschaftliche Probleme und zeigen M\u00f6glichkeiten auf, selbst aktiv zu werden. Vorstellen werden wir vor allem unseren Ansatz des konstruktiven Journalismus.<\/p>\n<figure id=\"attachment_1070\" aria-describedby=\"caption-attachment-1070\" style=\"width: 300px\" class=\"wp-caption alignleft\"><a href=\"http:\/\/www.emergentberlinfest.de\/wp-content\/uploads\/2015\/06\/jonathanwidder.jpg\"><img loading=\"lazy\" decoding=\"async\" class=\"wp-image-1070 size-medium\" src=\"http:\/\/www.emergentberlinfest.de\/wp-content\/uploads\/2015\/06\/jonathanwidder-300x300.jpg\" alt=\"jonathanwidder\" width=\"300\" height=\"300\" srcset=\"https:\/\/www.emergentberlinfest.de\/wp-content\/uploads\/2015\/06\/jonathanwidder-300x300.jpg 300w, https:\/\/www.emergentberlinfest.de\/wp-content\/uploads\/2015\/06\/jonathanwidder-150x150.jpg 150w, https:\/\/www.emergentberlinfest.de\/wp-content\/uploads\/2015\/06\/jonathanwidder.jpg 400w\" sizes=\"auto, (max-width: 300px) 100vw, 300px\" \/><\/a><figcaption id=\"caption-attachment-1070\" class=\"wp-caption-text\">Chefredakteur Jonathan Widder<\/figcaption><\/figure>\n<h3><img loading=\"lazy\" decoding=\"async\" class=\"alignleft size-full wp-image-827\" src=\"http:\/\/www.emergentberlinfest.de\/wp-content\/uploads\/2015\/06\/OSCE-days-small-2.png\" alt=\"OSCE days small-2\" width=\"175\" height=\"45\" \/>OSCE-Days<\/h3>\n<p><a href=\"https:\/\/oscedays.org\" target=\"_blank\">Open Source Circular Economy Days<\/a>\u00a0<span style=\"line-height: 1.6471;\">ist eine globale Bewegung, die Open Source Methoden verwendet um unsere Wegwerfwirtschaft langfristig in eine Kreislaufwirtschaft zu transformieren. An dem interdisziplin\u00e4ren Projekt beteiligen sich Experten und Erfinder aus verschiedenen Software-, Data- und Designbereichen, sowie Ressource Management. <\/span>Die\u00a0Open Source Circular Economy Days\u00a0fanden dieses Jahr\u00a0in 33 St\u00e4dten auf der ganzen Welt statt. In Berlin versammelten sich \u00fcber 200 Teilnehmer in Neuk\u00f6lln, Agora Collective. Die Vision: Eine Zukunft ohne Abf\u00e4lle, in Symbiose mit den verf\u00fcgbaren Ressourcen und der Umwelt. Es ist eine Zukunft, in der Produkte mehr als einen Nutzen erf\u00fcllen und in der Herstellungsprozesse effektiv und effizient angelegt sind.<\/p>\n<h3><a href=\"https:\/\/oscedays.org\" target=\"_blank\"><img loading=\"lazy\" decoding=\"async\" class=\" wp-image-828 size-medium alignleft\" src=\"http:\/\/www.emergentberlinfest.de\/wp-content\/uploads\/2015\/06\/20150613_153026-300x225.jpg\" alt=\"20150613_153026\" width=\"300\" height=\"225\" srcset=\"https:\/\/www.emergentberlinfest.de\/wp-content\/uploads\/2015\/06\/20150613_153026-300x225.jpg 300w, https:\/\/www.emergentberlinfest.de\/wp-content\/uploads\/2015\/06\/20150613_153026-1024x768.jpg 1024w\" sizes=\"auto, (max-width: 300px) 100vw, 300px\" \/><\/a><\/h3>\n<h3><\/h3>\n<h3>Naturtrip.org<\/h3>\n<h3><a href=\"http:\/\/www.naturtrip.org\" target=\"_blank\"><img loading=\"lazy\" decoding=\"async\" class=\"alignleft size-medium wp-image-1001\" src=\"http:\/\/www.emergentberlinfest.de\/wp-content\/uploads\/2015\/06\/Standard_Logo_naturtrip_jpg-300x86.jpg\" alt=\"Standard_Logo_naturtrip_jpg\" width=\"300\" height=\"86\" srcset=\"https:\/\/www.emergentberlinfest.de\/wp-content\/uploads\/2015\/06\/Standard_Logo_naturtrip_jpg-300x86.jpg 300w, https:\/\/www.emergentberlinfest.de\/wp-content\/uploads\/2015\/06\/Standard_Logo_naturtrip_jpg.jpg 664w\" sizes=\"auto, (max-width: 300px) 100vw, 300px\" \/><\/a><\/h3>\n<p>Bei Freizeitaktivit\u00e4ten wei\u00df man meist nicht, wo man h in will.\u00a0Son dern nur was man machen will: paddeln, lecker essen oder in eine Therme.\u00a0Deshalb sucht man bei uns nicht nach von A nach B, sondern\u00a0in einem gro\u00dfen Umkreis\u00a0nach Erreichbarkeit.\u00a0Du gibst einfach ein, wo du starten willst und wie lang du h\u00f6chstens unterwegs sein willst. Es werden nur solche Freizeit-Tipps angezeigt, die von deinem Ort, zu deiner Zeit mit Bahn, Bus oder Rad in der gew\u00fcnschten Reisezeit \u2013 inklusive Fu\u00dfwege \u2013 zu erreichen sind. Das Ganze funktioniert erst mal nur f\u00fcr Berlin und Brandenburg. Unsere Big Data Software braucht die Rohdaten der Verkehrsbetriebe (im sog. GTFS Format) und die haben wir bisher erst f\u00fcr die Hauptstadtregion bekommen.<\/p>\n<h3><img loading=\"lazy\" decoding=\"async\" class=\"alignleft wp-image-1096\" src=\"http:\/\/www.emergentberlinfest.de\/wp-content\/uploads\/2015\/06\/Bildschirmfoto-2015-09-08-um-16.08.59-300x263.png\" alt=\"Bildschirmfoto 2015-09-08 um 16.08.59\" width=\"203\" height=\"178\" srcset=\"https:\/\/www.emergentberlinfest.de\/wp-content\/uploads\/2015\/06\/Bildschirmfoto-2015-09-08-um-16.08.59-300x263.png 300w, https:\/\/www.emergentberlinfest.de\/wp-content\/uploads\/2015\/06\/Bildschirmfoto-2015-09-08-um-16.08.59.png 597w\" sizes=\"auto, (max-width: 203px) 100vw, 203px\" \/>Future Fashion Forward<\/h3>\n<p>Arianna Nicoletti and Hannah Ringwald will present the NGO \u201eFuture Fashion Forward e.V.&#8221; \u00a0with its current and future projects. The main focus will lie on the \u00a0coordination of the Fashion Revolution Day Germany.<\/p>\n<div><a href=\"http:\/\/www.fashionrevolutiongermany.org\/\" target=\"_blank\">www.fashionrevolutiongermany.<wbr \/>org<\/a><\/div>\n<h3><span class=\"il\">Heart<\/span>\u00a0<span class=\"il\">&amp;<\/span>\u00a0<span class=\"il\">Soil<\/span><\/h3>\n<div><\/div>\n<div><span class=\"il\"><a href=\"http:\/\/heartandsoil.land\" target=\"_blank\"><img loading=\"lazy\" decoding=\"async\" class=\"alignleft size-medium wp-image-999\" src=\"http:\/\/www.emergentberlinfest.de\/wp-content\/uploads\/2015\/06\/header-simple-300x129.png\" alt=\"header-simple\" width=\"300\" height=\"129\" srcset=\"https:\/\/www.emergentberlinfest.de\/wp-content\/uploads\/2015\/06\/header-simple-300x129.png 300w, https:\/\/www.emergentberlinfest.de\/wp-content\/uploads\/2015\/06\/header-simple.png 348w\" sizes=\"auto, (max-width: 300px) 100vw, 300px\" \/>Heart<\/a><\/span><a href=\"http:\/\/heartandsoil.land\" target=\"_blank\"> and <span class=\"il\">Soil<\/span><\/a>\u00a0l\u00e4sst einen verlassenen portugiesischen Bauernhof wieder zu neuem Leben erwachen. Diese Pr\u00e4sentation wird den Zuh\u00f6rern agrarwirtschaftliche Einblicke schenken -von Olivenhainen und moderne Solar- und Berieselungstechniken bis hin zur\u00a0Arbeit des B\u00e4ume-pflanzens und dem gesamten Wassermanagement.\u00a0<a href=\"http:\/\/heartandsoil.land\" target=\"_blank\">Heart and Soil<\/a> wird aber auch von den\u00a0Abenteuern\u00a0und\u00a0dem Leben in Zentral-Portugal\u00a0erz\u00e4hlen.<\/div>\n<div><\/div>\n<h3>The Real Junk Food Projekt Berlin<\/h3>\n<div><span class=\"Apple-style-span\"><img loading=\"lazy\" decoding=\"async\" class=\"alignleft size-medium wp-image-1257\" src=\"http:\/\/www.emergentberlinfest.de\/wp-content\/uploads\/2015\/06\/11888601_908754042505225_5647590967299694203_o-300x200.jpg\" alt=\"11888601_908754042505225_5647590967299694203_o\" width=\"300\" height=\"200\" srcset=\"https:\/\/www.emergentberlinfest.de\/wp-content\/uploads\/2015\/06\/11888601_908754042505225_5647590967299694203_o-300x200.jpg 300w, https:\/\/www.emergentberlinfest.de\/wp-content\/uploads\/2015\/06\/11888601_908754042505225_5647590967299694203_o-1024x683.jpg 1024w, https:\/\/www.emergentberlinfest.de\/wp-content\/uploads\/2015\/06\/11888601_908754042505225_5647590967299694203_o.jpg 1500w\" sizes=\"auto, (max-width: 300px) 100vw, 300px\" \/>Das soziale Projekt &#8220;The Real Junk Food Projekt Berlin&#8221; engagiert sich als Teil einer internationalen Bewegung gegen die gravierende Lebensmittelverschwendung. T\u00e4glich werden Tausende Tonnen von noch v\u00f6llig brauchbaren Lebensmitteln und damit wertvollen Ressourcen weggeworfen und vernichtet. Zur gleichen Zeit hungern unz\u00e4hlige Menschen oder leiden an Mangelern\u00e4hrung, auch in der westlichen Welt.\u00a0<\/span><\/div>\n<div>\n<div dir=\"ltr\">Der Ansatz des Projektes ist es, aussortierte Lebensmittel einzusammeln, welche von Superm\u00e4rkten und Restaurants nicht mehr verwertet werden oder aufgrund von z.B. optischen M\u00e4ngeln nicht mehr verkauft werden k\u00f6nnen, aber trotzdem noch vollkommen genie\u00dfbar sind. Die Lebensmittel werden dann von erfahrenen K\u00f6chen in hochwertige, gesunde und schmackhafte Gerichte verarbeitet und Bed\u00fcrftigen sowie der Allgemeinheit zur Verf\u00fcgung gestellt. G\u00e4ste aus allen Schichten und Hintergr\u00fcnden sind willkommen.<\/div>\n<div dir=\"ltr\">Macht mit und unterst\u00fctzt unsere Arbeit:\u00a0<a href=\"http:\/\/www.facebook.com\/TRJFPBerlin\" target=\"_blank\">www.facebook.com\/TRJFPBerlin<\/a><\/div>\n<\/div>\n<div dir=\"ltr\">\n<h3><\/h3>\n<h3>Personal Sustainability in Words and Pictures<\/h3>\n<div>Often we focus our best intentions on changing the world. Some people say it&#8217;s still connected to our ego talking, wanting to shift things around, so that &#8220;those people&#8221; start to live comme-il-faut. It&#8217;s not to say that we shouldn&#8217;t act. Opposite. Perhaps just the starting point needs to shift. So that we start with changing our own world, with living the values we want to bring into the world. We can then really be surprised by how it affects reality around us. Plutarch wrote that &#8220;what we achieve inwardly will change outer reality&#8221;. I&#8217;d also say that what we achieve individually might change collective reality. It might, and I think it will. In this short talk I will share a few things of what personal sustainability means to me, and talk about a few of my projects in connection to it.\u00a0\u00a0<a href=\"http:\/\/sabina-abdulajeva.com\" target=\"_blank\">sabina-abdulajeva.com<\/a><br \/>\n<a href=\"http:\/\/www.laforesta.co\" target=\"_blank\">www.laforesta.co<\/a><\/div>\n<\/div>\n<div><\/div>\n<h3>Gr\u00fcne Liga Berlin e.V.<\/h3>\n<div>\n<p><img loading=\"lazy\" decoding=\"async\" class=\"alignleft size-full wp-image-1260\" src=\"http:\/\/www.emergentberlinfest.de\/wp-content\/uploads\/2015\/06\/Bildschirmfoto-2015-09-11-um-10.10.51.png\" alt=\"Bildschirmfoto 2015-09-11 um 10.10.51\" width=\"231\" height=\"95\" \/>Die GR\u00dcNE LIGA Berlin ist eine Nichtregierungsorganisation, die gesellschaftliche und umweltrelevante Bewegungen in Berlin unterst\u00fctzt, koordiniert und ber\u00e4t sowie eigene Projekte und Aktionen initiert und durchf\u00fchrt. Dadurch wirkt die GR\u00dcNE LIGA Berlin bei der \u00f6kologischen Umgestaltung Berlins und der Gesellschaft mit.\u00a0<a href=\"http:\/\/www.grueneliga-berlin.de\/\" target=\"_blank\">www.grueneliga-berlin.de\/<\/a><\/p>\n<h3>Wir haben es satt!<\/h3>\n<p>Das &#8220;Wir haben es satt!&#8221;- B\u00fcndnis besteht aus Organisationen, Initiativen und Projekten, die sich gemeinsam f\u00fcr eine zukunftsf\u00e4hige Landwirtschaft und Ern\u00e4hrung einsetzen. Mit dabei sind B\u00e4uerinnen und Bauern, ImkerInnen, Natur-, Tier- und Verbrauchersch\u00fctzerInnen, Entwicklungsorganisationen und Erwerbsloseninitiativen. Wir sind B\u00e4uerinnen und Bauern, konventionell und bio, gem\u00fcseanbauend und tierhaltend; wir sind Natursch\u00fctzerInnen und Tiersch\u00fctzerInnen, Aktive aus der Entwicklungszusammenarbeit, Erwerbsloseninitiativen und kritische VerbraucherInnen; wir sind FleischesserInnen, VegetarierInnen und VeganerInnen. Wir sind ein breites gesellschaftliches B\u00fcndnis!\u00a0Was uns verbindet: wir fordern\u00a0den Stopp der industriellen\u00a0Landwirtschaft &amp;Lebensmittelproduktion und\u00a0eine F\u00f6rderung b\u00e4uerlicher Betriebe!\u00a0\/<a href=\"http:\/\/www.wir-haben-es-satt.de\" target=\"_blank\">www.wir-haben-es-satt.de<\/a><\/p>\n<\/div>\n<div>\n<h2 class=\"attachment-viewer-frame-details-title\"><span class=\"Apple-style-span\" style=\"font-size: 18px; line-height: 27px; font-weight: normal;\">\u00a0<\/span><\/h2>\n<\/div>\n<div><\/div>\n<p><span class=\"Apple-style-span\"><em>* Bei Fragen, Kommentaren und Teilnahmebest\u00e4tigungen schreibt uns per Email:\u00a0<a href=\"mailto:emergent.berlin@gmail.com\" target=\"_blank\">emergent.berlin@gmail.com<\/a><\/em><\/span>[:en]What new ideas, cooperations and projects for more sustainable urban lifestyles are currently emerging in Berlin? Local sustainable initiatives, social businesses and individuals present their projects on <strong>saturday between 11am &#8211; 4pm<\/strong> in short presentations. This year, there will be:<\/p>\n<p><strong>\u2022 11:00 Welcome<br \/>\n\u2022 11:15\u00a0Question project<br \/>\n<\/strong><strong>\u2022 11:30 Earthships<br \/>\n<\/strong><strong>\u2022 11:45 Innovationaid<\/strong><br \/>\n<strong>\u2022 12:00\u00a0Heart and Soil<br \/>\n\u2022 12:15 Berlin Food Directory<\/strong><b><br \/>\n<\/b> <strong>\u2022 12:30 Smart Deli<\/strong><br \/>\n<strong>\u2022 12:45\u00a0Personal Sustainability<br \/>\n\u2022 13:00 Future Fashion Forward<\/strong><br \/>\n<b><strong>\u2022 13:15 Naturtrip<\/strong><\/b><br \/>\n<strong>\u2022 13:30 OSCE-Days<\/strong><b><br \/>\n<\/b> <strong>\u2022 13:45 Good Impact<\/strong><br \/>\n<strong>\u2022 14:00 De-Commodifying Yoga<br \/>\n\u2022 14:15 Kulturlabor Trial &amp; Error<\/strong><br \/>\n<strong>\u2022 14:30 Gr\u00fcne Liga\u00a0<\/strong><b><br \/>\n<\/b> <strong>\u2022 14:45 Cradle to cradle<br \/>\n<\/strong><b>\u2022 15:00 Ecosia<br \/>\n<strong>\u2022 15:15 Green Buzz<br \/>\n\u2022 15:30 Berlin im Wandel<\/strong><br \/>\n<\/b> <strong>\u2022 15:45 Kiezpopcorn<br \/>\n\u2022 16:00 Wir haben es satt!<\/strong><\/p>\n<h2><span style=\"color: #99cc00;\">More infos about some of the presentations<\/span><\/h2>\n<h3>question project<\/h3>\n<p><img loading=\"lazy\" decoding=\"async\" class=\"alignleft size-medium wp-image-1206\" src=\"http:\/\/www.emergentberlinfest.de\/wp-content\/uploads\/2015\/06\/11994260_10200939211799038_69959551_n-225x300.jpg\" alt=\"11994260_10200939211799038_69959551_n\" width=\"225\" height=\"300\" srcset=\"https:\/\/www.emergentberlinfest.de\/wp-content\/uploads\/2015\/06\/11994260_10200939211799038_69959551_n-225x300.jpg 225w, https:\/\/www.emergentberlinfest.de\/wp-content\/uploads\/2015\/06\/11994260_10200939211799038_69959551_n.jpg 600w\" sizes=\"auto, (max-width: 225px) 100vw, 225px\" \/>walking around with a yellow question mark, Richard connects people with eachother and with their own creativity. In this short talk he will share his findings and invite you time embody your own question. Changing Berlin, one question at a time.<\/p>\n<h3>Yumi &#8211; Smart Deli<\/h3>\n<p>I would like to make a little speech on my thoughts, \u201cGentrification\u201d and having a \u201cSustainable Business\u201d through my experience.\u00a0www.smartdeli.org<\/p>\n<h3><strong>Kulturlabor Trial&amp;Error e.V<\/strong><\/h3>\n<p><a href=\"http:\/\/www.emergentberlinfest.de\/wp-content\/uploads\/2015\/06\/TrialError.jpg\" target=\"_blank\"><img loading=\"lazy\" decoding=\"async\" class=\" size-thumbnail wp-image-818 alignleft\" src=\"http:\/\/www.emergentberlinfest.de\/wp-content\/uploads\/2015\/06\/TrialError-150x150.jpg\" alt=\"Trial&amp;Error\" width=\"150\" height=\"150\" \/><\/a>\u00a0<a href=\"http:\/\/kulturlabortrialerror.jimdo.com\/\" target=\"_blank\">Trial&amp;Error\u00a0<\/a>\u00a0is Berlin based collective of artists, cultural workers, craftivists, doers and activists. They have shared interests in DIY culture and craft, non-formal education, open design, reuse of waste and open source culture. They are looking for ecologically and socially sustainable ways to live in the city and to activate local people to participate. The area they are working in Neuk\u00f6lln has amount of social and economical problems due to unemployment, immigration and poverty. Trial&amp;Error is one possibility for locals to take part in neighborhood activities and strengthen community in sustainable way.<\/p>\n<p><a href=\"http:\/\/www.trial-error.org\/\" target=\"_blank\">www.trial-error.org<\/a><\/p>\n<p><a href=\"http:\/\/www.kulturlabortrialerror.jimdo.com\" target=\"_blank\"><img loading=\"lazy\" decoding=\"async\" class=\"alignnone wp-image-817 size-medium\" src=\"http:\/\/www.emergentberlinfest.de\/wp-content\/uploads\/2015\/06\/Tauschladen-photo-300x225.jpg\" alt=\"OLYMPUS DIGITAL CAMERA\" width=\"300\" height=\"225\" srcset=\"https:\/\/www.emergentberlinfest.de\/wp-content\/uploads\/2015\/06\/Tauschladen-photo-300x225.jpg 300w, https:\/\/www.emergentberlinfest.de\/wp-content\/uploads\/2015\/06\/Tauschladen-photo-1024x768.jpg 1024w\" sizes=\"auto, (max-width: 300px) 100vw, 300px\" \/><\/a><\/p>\n<h3>GreenBuzz Berlin e.V.<\/h3>\n<div>\n<h3><img loading=\"lazy\" decoding=\"async\" class=\"alignleft size-full wp-image-781\" src=\"http:\/\/www.emergentberlinfest.de\/wp-content\/uploads\/2015\/08\/Greenbuz_logo.jpg\" alt=\"Greenbuz_logo\" width=\"320\" height=\"100\" \/><\/h3>\n<p><a href=\"http:\/\/greenbuzz.de\" target=\"_blank\">Green Buzz e.V.<\/a>\u00a0is an association to support sustainability on regional and international level through research, education and networking. GreenBuzz connects actors from various areas of society to inform and facilitate synergies. To get closer to this goal, GreenBuzz Berlin started organizing Sustainability Drinks, a regular networking event to bring together the sustainable community in Berlin.<\/p>\n<p>With respect to the \u201cP.E.A.C.E.S.\u201d framework, GreenBuzz Berlin provides research, education and networking possibilities. Through this it contributes to the development of projects as well as the personal development of individuals. Each event focuses on ecological topics as key aspects, but also addresses economic aspects. Cultural aspects, information exchange and the aim to learn from each other and from our differences are at the core of our work.<\/p>\n<p><a href=\"http:\/\/greenbuzzberlin.de\" target=\"_blank\">greenbuzzberlin.de<\/a><\/p>\n<div><\/div>\n<p><a href=\"http:\/\/greenbuzz.de\" target=\"_blank\"><img loading=\"lazy\" decoding=\"async\" class=\" wp-image-830 size-medium alignleft\" src=\"http:\/\/www.emergentberlinfest.de\/wp-content\/uploads\/2015\/06\/1888975_420904481412563_8870965108810378858_o-300x201.jpeg\" alt=\"1888975_420904481412563_8870965108810378858_o\" width=\"300\" height=\"201\" srcset=\"https:\/\/www.emergentberlinfest.de\/wp-content\/uploads\/2015\/06\/1888975_420904481412563_8870965108810378858_o-300x201.jpeg 300w, https:\/\/www.emergentberlinfest.de\/wp-content\/uploads\/2015\/06\/1888975_420904481412563_8870965108810378858_o.jpeg 320w\" sizes=\"auto, (max-width: 300px) 100vw, 300px\" \/><\/a><\/p>\n<\/div>\n<h3><a href=\"https:\/\/www.ecosia.org\" target=\"_blank\"><img loading=\"lazy\" decoding=\"async\" class=\"alignleft  wp-image-1003\" src=\"http:\/\/www.emergentberlinfest.de\/wp-content\/uploads\/2015\/06\/Ecosia-logo-300x300.png\" alt=\"Ecosia logo\" width=\"190\" height=\"190\" srcset=\"https:\/\/www.emergentberlinfest.de\/wp-content\/uploads\/2015\/06\/Ecosia-logo-300x300.png 300w, https:\/\/www.emergentberlinfest.de\/wp-content\/uploads\/2015\/06\/Ecosia-logo-150x150.png 150w, https:\/\/www.emergentberlinfest.de\/wp-content\/uploads\/2015\/06\/Ecosia-logo.png 512w\" sizes=\"auto, (max-width: 190px) 100vw, 190px\" \/><\/a>Ecosia<\/h3>\n<p><a href=\"https:\/\/www.ecosia.org\" target=\"_blank\">Ecosia<\/a> is the search engine that plants trees. We donate at least 80% of our profits from ad revenue to a reforestation project in Burkina Faso. Search the web, plant a tree!<\/p>\n<p><a href=\"https:\/\/www.ecosia.org\" target=\"_blank\"><img loading=\"lazy\" decoding=\"async\" class=\" size-medium wp-image-1004 alignnone\" src=\"http:\/\/www.emergentberlinfest.de\/wp-content\/uploads\/2015\/06\/Ecosia-Team-photo-300x201.png\" alt=\"Ecosia Team photo\" width=\"300\" height=\"201\" srcset=\"https:\/\/www.emergentberlinfest.de\/wp-content\/uploads\/2015\/06\/Ecosia-Team-photo-300x201.png 300w, https:\/\/www.emergentberlinfest.de\/wp-content\/uploads\/2015\/06\/Ecosia-Team-photo-1024x686.png 1024w, https:\/\/www.emergentberlinfest.de\/wp-content\/uploads\/2015\/06\/Ecosia-Team-photo.png 1800w\" sizes=\"auto, (max-width: 300px) 100vw, 300px\" \/><\/a><\/p>\n<h3>Cradle to Cradle<\/h3>\n<p><a href=\"http:\/\/c2c-ev.de\" target=\"_blank\"><span class=\"il\">Cradle<\/span> to <span class=\"il\">Cradle<\/span><\/a>\u00a0will present their local work in Berlin and the concept of \u00a0C2C &#8211; Is it possible to create a future without any waste. And if so &#8211; how? What are the challenges and opportunities of a\u00a0circular economy?<\/p>\n<h3><span class=\"Apple-style-span\"><b>De-commercializing Healing Practices, Alternative Economies, and Grassroots Yoga<\/b><\/span><\/h3>\n<figure id=\"attachment_1227\" aria-describedby=\"caption-attachment-1227\" style=\"width: 300px\" class=\"wp-caption alignleft\"><img loading=\"lazy\" decoding=\"async\" class=\"size-medium wp-image-1227\" src=\"http:\/\/www.emergentberlinfest.de\/wp-content\/uploads\/2015\/06\/Cactus-300x190.jpg\" alt=\"DCIM100GOPROGOPR8964.\" width=\"300\" height=\"190\" srcset=\"https:\/\/www.emergentberlinfest.de\/wp-content\/uploads\/2015\/06\/Cactus-300x190.jpg 300w, https:\/\/www.emergentberlinfest.de\/wp-content\/uploads\/2015\/06\/Cactus-1024x649.jpg 1024w\" sizes=\"auto, (max-width: 300px) 100vw, 300px\" \/><figcaption id=\"caption-attachment-1227\" class=\"wp-caption-text\">DCIM100GOPROGOPR8964.<\/figcaption><\/figure>\n<p><span class=\"Apple-style-span\">I am a Kreuzberg-based yoga instructor experimenting in bringing yoga outside the yoga studio&#8211; which often makes yoga cost-prohibitive or socially intimidating. I will share my experience offering donation-based yoga in public or non-studio space and its relation to alternative economies&#8211; how barter systems can create equal exchanges, as well as open opportunities for people to access healing practices that are often reserved for those who can pay a higher cost. My goal is to share my thoughts about energy exchange and help people connect with grassroots healers. More info on my classes at\u00a0<a href=\"http:\/\/www.sarahrosemaryyoga.tumblr.com\/\" target=\"_blank\">http:\/\/www.sarahrosemaryyoga.<wbr \/>tumblr.com<\/a><\/span><\/p>\n<h3>Berlin im Wandel<\/h3>\n<p>\u201eBerlin im Wandel\u201c is a web-based social network for people, associations or companies involved in a social and ecological transformation of our society. Combining social network, local newspaper and a Berlin map, this project originally comes from Italy, where the association Italia Che Cambia has already implemented the idea successfuly in different regions. Now it\u2019s coming to Germany and we are proud to present the first regional platform, <a href=\"http:\/\/berlin.imwandel.net\" target=\"_blank\">berlin.imwandel.net<\/a>!<\/p>\n<h3>Kiezpopcorn<\/h3>\n<p>Kiezpopcorn ist eine multimediale Plattform \u00fcber nachhaltige und kreative Projekte, Initiativen und Start-Ups, die einen Einfluss auf die Kultur und das Leben hier in Berlin und dar\u00fcber hinaus haben. Auf je einer Projektseite zeigen wir mehr von den Projekten und fragen in einem Interview nach den Visionen, der Umsetzung der Ideen und zeigen in Bildern ein St\u00fcck von ihrer Welt. Monatlich holen wir im Wochenrhythmus kostenlos 3- 4 Projekte nach Kiezpopcorn, um eine gr\u00f6\u00dfere Sichtbarkeit in den sozialen Medien insbesondere f\u00fcr Starter f\u00fcr zu erreichen. Mitte Juli gingen wir mit den ersten Projekten aus dem Bezirk Friedrichshain | Kreuzberg an den Start. Neben der Plattform gibt es einen &#8220;Kiezpopcorn Stammtisch&#8221;, bei dem sich die Initiatoren treffen und austauschen k\u00f6nnen. Wir m\u00f6chten einen Ressourcenkreislauf zwischen den Teilnehmern etablieren, um die finanziellen Belastungen der einzelnen Projekte zu reduzieren, die die Initiatoren vor allem in der Anfangsphase belasten und ein Risiko darstellen k\u00f6nnen.<\/p>\n<h3>Good Impact<\/h3>\n<p><a href=\"http:\/\/goodimpact.org\" target=\"_blank\">Good Impact <\/a>is a new platform which accompanies social change, consisting of the sections magazine, jobs and events. We cover new solutions for today&#8217;s social challenges and show up opportunities to get involved. In our presentation we are going to focus on our constructive news approach.<\/p>\n<figure id=\"attachment_1070\" aria-describedby=\"caption-attachment-1070\" style=\"width: 300px\" class=\"wp-caption alignleft\"><a href=\"http:\/\/www.emergentberlinfest.de\/wp-content\/uploads\/2015\/06\/jonathanwidder.jpg\"><img loading=\"lazy\" decoding=\"async\" class=\"wp-image-1070 size-medium\" src=\"http:\/\/www.emergentberlinfest.de\/wp-content\/uploads\/2015\/06\/jonathanwidder-300x300.jpg\" alt=\"jonathanwidder\" width=\"300\" height=\"300\" srcset=\"https:\/\/www.emergentberlinfest.de\/wp-content\/uploads\/2015\/06\/jonathanwidder-300x300.jpg 300w, https:\/\/www.emergentberlinfest.de\/wp-content\/uploads\/2015\/06\/jonathanwidder-150x150.jpg 150w, https:\/\/www.emergentberlinfest.de\/wp-content\/uploads\/2015\/06\/jonathanwidder.jpg 400w\" sizes=\"auto, (max-width: 300px) 100vw, 300px\" \/><\/a><figcaption id=\"caption-attachment-1070\" class=\"wp-caption-text\">Chefredakteur Jonathan Widder<\/figcaption><\/figure>\n<h3><img loading=\"lazy\" decoding=\"async\" class=\"alignleft size-full wp-image-827\" src=\"http:\/\/www.emergentberlinfest.de\/wp-content\/uploads\/2015\/06\/OSCE-days-small-2.png\" alt=\"OSCE days small-2\" width=\"175\" height=\"45\" \/>OSCE-Days<\/h3>\n<p><a href=\"https:\/\/oscedays.org\" target=\"_blank\">Open Source Circular Economy Days<\/a>\u00a0is a diverse &amp; globally distributed event using Open Source methodology to build a Circular Economy.\u00a0Experts and innovators from the fields of open source hardware, software, data, design, circular economy, waste, resource management and the collaborative economy will work together, globally connected, in order to develop, exchange ideas and prototype systems, products and designs for an Open Source Circular Economy.<\/p>\n<p>It happened this year in 33 differents cities around the world. The sessions in Berlin took place at Agora collective and gathered more than 200 people.<\/p>\n<p>Our Vision:\u00a0We share the vision of a circular economy.\u00a0An idea for a truly sustainable future that works without waste, in symbiosis with our environment and resources. A future where every product is designed for multiple cycles of use, and different material or manufacturing cycles are carefully aligned, so that the output of one process always feeds the input of another. Rather than seeing emissions, manufacturing byproducts, or damaged and unwanted goods as \u2018waste\u2019, in the circular economy they become raw material, nutrients for a new production cycle.<\/p>\n<h3><a href=\"https:\/\/oscedays.org\" target=\"_blank\"><img loading=\"lazy\" decoding=\"async\" class=\" wp-image-828 size-medium alignleft\" src=\"http:\/\/www.emergentberlinfest.de\/wp-content\/uploads\/2015\/06\/20150613_153026-300x225.jpg\" alt=\"20150613_153026\" width=\"300\" height=\"225\" srcset=\"https:\/\/www.emergentberlinfest.de\/wp-content\/uploads\/2015\/06\/20150613_153026-300x225.jpg 300w, https:\/\/www.emergentberlinfest.de\/wp-content\/uploads\/2015\/06\/20150613_153026-1024x768.jpg 1024w\" sizes=\"auto, (max-width: 300px) 100vw, 300px\" \/><\/a><\/h3>\n<h3><\/h3>\n<h3>Naturtrip.org<\/h3>\n<h3><a href=\"http:\/\/www.naturtrip.org\" target=\"_blank\"><img loading=\"lazy\" decoding=\"async\" class=\"alignleft size-medium wp-image-1001\" src=\"http:\/\/www.emergentberlinfest.de\/wp-content\/uploads\/2015\/06\/Standard_Logo_naturtrip_jpg-300x86.jpg\" alt=\"Standard_Logo_naturtrip_jpg\" width=\"300\" height=\"86\" srcset=\"https:\/\/www.emergentberlinfest.de\/wp-content\/uploads\/2015\/06\/Standard_Logo_naturtrip_jpg-300x86.jpg 300w, https:\/\/www.emergentberlinfest.de\/wp-content\/uploads\/2015\/06\/Standard_Logo_naturtrip_jpg.jpg 664w\" sizes=\"auto, (max-width: 300px) 100vw, 300px\" \/><\/a><\/h3>\n<p><a href=\"http:\/\/www.naturtrip.org\" target=\"_blank\">naturtrip.org<\/a> is a new website that is suggesting the perfect trip for You! Usually you just do know\u00a0<strong>what\u00a0<\/strong>you want to do &#8211; but not\u00a0<strong>where\u00a0<\/strong>to do it. On <a href=\"http:\/\/www.naturtrip.org\" target=\"_blank\">naturetrip.org <\/a>you just type in where you want to start your journey and how long it should last. The results will be in your local area &#8211; around Berlin and Brandenburg.<\/p>\n<h3><img loading=\"lazy\" decoding=\"async\" class=\"alignleft wp-image-1096\" src=\"http:\/\/www.emergentberlinfest.de\/wp-content\/uploads\/2015\/06\/Bildschirmfoto-2015-09-08-um-16.08.59-300x263.png\" alt=\"Bildschirmfoto 2015-09-08 um 16.08.59\" width=\"203\" height=\"178\" srcset=\"https:\/\/www.emergentberlinfest.de\/wp-content\/uploads\/2015\/06\/Bildschirmfoto-2015-09-08-um-16.08.59-300x263.png 300w, https:\/\/www.emergentberlinfest.de\/wp-content\/uploads\/2015\/06\/Bildschirmfoto-2015-09-08-um-16.08.59.png 597w\" sizes=\"auto, (max-width: 203px) 100vw, 203px\" \/>Future Fashion Forward<\/h3>\n<p>Arianna Nicoletti and Hannah Ringwald will present the NGO \u201eFuture Fashion Forward e.V.&#8221; \u00a0with its current and future projects. The main focus will lie on the \u00a0coordination of the Fashion Revolution Day Germany.<\/p>\n<div><a href=\"http:\/\/www.fashionrevolutiongermany.org\/\" target=\"_blank\">www.fashionrevolutiongermany.<wbr \/>org<\/a><\/div>\n<h3><span class=\"il\">Heart<\/span> <span class=\"il\">&amp;<\/span> <span class=\"il\">Soil<\/span><\/h3>\n<div><span class=\"il\"><img loading=\"lazy\" decoding=\"async\" class=\"alignleft size-medium wp-image-999\" src=\"http:\/\/www.emergentberlinfest.de\/wp-content\/uploads\/2015\/06\/header-simple-300x129.png\" alt=\"header-simple\" width=\"300\" height=\"129\" srcset=\"https:\/\/www.emergentberlinfest.de\/wp-content\/uploads\/2015\/06\/header-simple-300x129.png 300w, https:\/\/www.emergentberlinfest.de\/wp-content\/uploads\/2015\/06\/header-simple.png 348w\" sizes=\"auto, (max-width: 300px) 100vw, 300px\" \/><a href=\"http:\/\/heartandsoil.land\" target=\"_blank\">Heart<\/a><\/span> and <span class=\"il\">Soi<\/span><a href=\"http:\/\/www.heartandsoil.land\" target=\"_blank\"><span class=\"il\">l<\/span><\/a> is our effort to bring an old Portuguese Farm back to life. From olive groves several hundred years old to modern off-the-grid solar and irrigation technology, this talk will offer some insight into the adventures of tree-planting, water-management and living in central Portugal.<\/div>\n<div><\/div>\n<div>\n<h3>The Real Junk Food Projekt Berlin<\/h3>\n<div>\n<div dir=\"ltr\">We are committed to tackle food waste that is taking place on a major scale day by day. We are collecting surplus food from markets, farmers and restaurants and turn them into healthy, delicious meals provided to those in need.<\/div>\n<div dir=\"ltr\">\u00a0We want to help to reduce food waste by turning surplus fruit and veg into delicious and healthy meals that are provided to the community. Also we bring people together and share the joy of cooking and eating together while serving a great cause of preventing food waste.<\/div>\n<div>\u00a0Get involved and support our work: www.facebook.com\/TRJFPBerlin<\/div>\n<\/div>\n<div>Personal Sustainability in Words and Pictures<\/div>\n<h3>Personal Sustainability in Words and Pictures<\/h3>\n<div><img loading=\"lazy\" decoding=\"async\" class=\"alignleft size-medium wp-image-1257\" src=\"http:\/\/www.emergentberlinfest.de\/wp-content\/uploads\/2015\/06\/11888601_908754042505225_5647590967299694203_o-300x200.jpg\" alt=\"11888601_908754042505225_5647590967299694203_o\" width=\"300\" height=\"200\" srcset=\"https:\/\/www.emergentberlinfest.de\/wp-content\/uploads\/2015\/06\/11888601_908754042505225_5647590967299694203_o-300x200.jpg 300w, https:\/\/www.emergentberlinfest.de\/wp-content\/uploads\/2015\/06\/11888601_908754042505225_5647590967299694203_o-1024x683.jpg 1024w, https:\/\/www.emergentberlinfest.de\/wp-content\/uploads\/2015\/06\/11888601_908754042505225_5647590967299694203_o.jpg 1500w\" sizes=\"auto, (max-width: 300px) 100vw, 300px\" \/>Often we focus our best intentions on changing the world. Some people say it&#8217;s still connected to our ego talking, wanting to shift things around, so that &#8220;those people&#8221; start to live comme-il-faut. It&#8217;s not to say that we shouldn&#8217;t act. Opposite. Perhaps just the starting point needs to shift. So that we start with changing our own world, with living the values we want to bring into the world. We can then really be surprised by how it affects reality around us. Plutarch wrote that &#8220;what we achieve inwardly will change outer reality&#8221;. I&#8217;d also say that what we achieve individually might change collective reality. It might, and I think it will. In this short talk I will share a few things of what personal sustainability means to me, and talk about a few of my projects in connection to it.\u00a0<a href=\"http:\/\/sabina-abdulajeva.com\" target=\"_blank\">sabina-abdulajeva.com<\/a><br \/>\n<a href=\"http:\/\/www.laforesta.co\" target=\"_blank\">www.laforesta.co<\/a><\/div>\n<\/div>\n<div>\n<h3><\/h3>\n<h3>Gr\u00fcne Liga Berlin e.V.<\/h3>\n<div>\n<p><img loading=\"lazy\" decoding=\"async\" class=\"alignleft size-full wp-image-1260\" src=\"http:\/\/www.emergentberlinfest.de\/wp-content\/uploads\/2015\/06\/Bildschirmfoto-2015-09-11-um-10.10.51.png\" alt=\"Bildschirmfoto 2015-09-11 um 10.10.51\" width=\"231\" height=\"95\" \/>Die GR\u00dcNE LIGA Berlin ist eine Nichtregierungsorganisation, die gesellschaftliche und umweltrelevante Bewegungen in Berlin unterst\u00fctzt, koordiniert und ber\u00e4t sowie eigene Projekte und Aktionen initiert und durchf\u00fchrt. Dadurch wirkt die GR\u00dcNE LIGA Berlin bei der \u00f6kologischen Umgestaltung Berlins und der Gesellschaft mit.\u00a0<a href=\"http:\/\/www.grueneliga-berlin.de\/\" target=\"_blank\">www.grueneliga-berlin.de\/<\/a><\/p>\n<\/div>\n<div>\n<div class=\"contbl0\">\n<div class=\"inbl0\">\n<div class=\"csc-textpic-text\">\n<h3>Wir haben es satt!<\/h3>\n<p>Das &#8220;Wir haben es satt!&#8221;- B\u00fcndnis besteht aus Organisationen, Initiativen und Projekten, die sich gemeinsam f\u00fcr eine zukunftsf\u00e4hige Landwirtschaft und Ern\u00e4hrung einsetzen. Mit dabei sind B\u00e4uerinnen und Bauern, ImkerInnen, Natur-, Tier- und Verbrauchersch\u00fctzerInnen, Entwicklungsorganisationen und Erwerbsloseninitiativen. Wir sind B\u00e4uerinnen und Bauern, konventionell und bio, gem\u00fcseanbauend und tierhaltend; wir sind Natursch\u00fctzerInnen und Tiersch\u00fctzerInnen, Aktive aus der Entwicklungszusammenarbeit, Erwerbsloseninitiativen und kritische VerbraucherInnen; wir sind FleischesserInnen, VegetarierInnen und VeganerInnen. Wir sind ein breites gesellschaftliches B\u00fcndnis!\u00a0Was uns verbindet: wir fordern\u00a0den Stopp der industriellen\u00a0Landwirtschaft &amp;Lebensmittelproduktion und\u00a0eine F\u00f6rderung b\u00e4uerlicher Betriebe!\u00a0\/<a href=\"http:\/\/www.wir-haben-es-satt.de\" target=\"_blank\">www.wir-haben-es-satt.de<\/a><\/p>\n<\/div>\n<\/div>\n<\/div>\n<div class=\"contbl0\"><\/div>\n<\/div>\n<div><\/div>\n<\/div>\n<p>[:tr]<a href=\"http:\/\/www.emergentberlinfest.de\/wp-content\/uploads\/2015\/06\/Captura-de-Tela-2014-08-26-\u00e0s-20.58.151.png\"><img loading=\"lazy\" decoding=\"async\" class=\"  wp-image-392 alignright\" src=\"http:\/\/www.emergentberlinfest.de\/wp-content\/uploads\/2015\/06\/Captura-de-Tela-2014-08-26-\u00e0s-20.58.151-300x167.png\" alt=\"Captura de Tela 2014-08-26 \u00e0s 20.58.15\" width=\"316\" height=\"176\" srcset=\"https:\/\/www.emergentberlinfest.de\/wp-content\/uploads\/2015\/06\/Captura-de-Tela-2014-08-26-\u00e0s-20.58.151-300x167.png 300w, https:\/\/www.emergentberlinfest.de\/wp-content\/uploads\/2015\/06\/Captura-de-Tela-2014-08-26-\u00e0s-20.58.151-1024x570.png 1024w, https:\/\/www.emergentberlinfest.de\/wp-content\/uploads\/2015\/06\/Captura-de-Tela-2014-08-26-\u00e0s-20.58.151.png 1316w\" sizes=\"auto, (max-width: 316px) 100vw, 316px\" \/><\/a><a href=\"http:\/\/artloft.berlin\/index.php?id=location_pics\" target=\"_blank\">Art Loft Berlin<\/a>\u00a0bu seneki proje sunumlar\u0131 i\u00e7in yarat\u0131c\u0131 bir merkez i\u015flevi g\u00f6recek. Hem Berlin\u2019de hem de\u00a0ya\u015fad\u0131\u011f\u0131m\u0131z b\u00f6lgede daha s\u00fcrekli bir \u015fehir hayat\u0131na ula\u015fmak ad\u0131na yeni ortaya \u00e7\u0131kan fikirler, giri\u015fimler,\u00a0aksiyonlar ve ortakl\u0131klar nelerdir?<\/p>\n<p>Her sene s\u00fcreklilik temas\u0131 ad\u0131 alt\u0131nda \u00e7al\u0131\u015fan yerel de\u011fi\u015fimcileri, aktif kurumlar\u0131, gruplar\u0131, projeleri ve\u00a0potansiyel destek\u00e7ileri yaptiklar\u0131n\u0131 ve gelecek planlar\u0131n\u0131 payla\u015fmalar\u0131 i\u00e7in davet ediyoruz. Sunumlar\u00a0sonras\u0131nda ise k\u0131sa soru-cevap oturumlar\u0131na zaman tan\u0131yoruz.<\/p>\n<p>Proje sunumlar\u0131 s\u00fcrd\u00fcr\u00fclebilir yerel geli\u015fim alan\u0131na ne \u015fekilde katk\u0131da bulunduklar\u0131n\u0131 sitemizin \u201cD\u00fc\u015f\u00fcnce\u201d\u00a0k\u0131sm\u0131nda anlatt\u0131\u011f\u0131m\u0131z P.E.A.C.E.S yap\u0131s\u0131n\u0131 baz alarak anlatmal\u0131d\u0131r.<\/p>\n<h3>Yerel projelerinizi sunun!<\/h3>\n<p>Sunum yapacak ki\u015filer ister powerpoint program\u0131n\u0131 kullanarak festivalimizin sa\u011flayaca\u011fi yans\u0131t\u0131c\u0131 ve ses\u00a0sistemi ile, isterlerse de s\u00f6zel olarak istedikleri t\u00fcr g\u00f6rsel materyal ile sunumlar\u0131n\u0131 yapabilirler. Sunumlar\u00a0\u00f6nceden belirlenmi\u015f programa g\u00f6re belirlenmi\u015f zamandan en az yar\u0131m saat \u00f6nce usb ayg\u0131t\u0131na y\u00fcklenmi\u015f\u00a0olarak teslim edilmelidir.<\/p>\n<p>Festivalden yakla\u015f\u0131k olarak 10 g\u00fcn \u00f6nce son program yay\u0131nlanacakt\u0131r. Sunum yapacaklar sisteme\u00a0kendileri i\u00e7in uygun zaman dilimini se\u00e7erek kay\u0131t olabilirler.<\/p>\n<p>* Sorular\u0131n\u0131z,\u00a0yorumlar\u0131n\u0131z ve kat\u0131l\u0131m onay\u0131n\u0131z i\u00e7in l\u00fctfen emergent.berlin@gmail.com ile ileti\u015fime ge\u00e7iniz.[:]<\/p>\n","protected":false},"excerpt":{"rendered":"<p>[:de]Welche neuen Ideen, Kooperationen und Projekte f\u00fcr sozialere und \u00f6kologischere Lebensstile entstehen zur Zeit in Berlin? Lokale Initiativen, Sozialunternehmen und Einzelpersonen stellen sich am Samstag zwischen 11 &#8211; 16 Uhr\u00a0 in Kurzpr\u00e4sentationen vor. Dieses Jahr mit dabei: \u2022 11:00 Begr\u00fc\u00dfung \u2022 11:15 Question project \u2022 11:30 Earthships \u2022 11:45 Innovationaid \u2022 12:00\u00a0Heart und Soil \u2022 &hellip; <a href=\"https:\/\/www.emergentberlinfest.de\/index.php\/program\/praesentationen\/\" class=\"more-link\">Continue reading <span class=\"screen-reader-text\">[:de] . . . Projektpr\u00e4sentationen[:en] . . .  Project Presentations[:tr]. . . Proje Sunumlar\u0131[:]<\/span><\/a><\/p>\n","protected":false},"author":1,"featured_media":0,"parent":4,"menu_order":0,"comment_status":"closed","ping_status":"open","template":"","meta":{"footnotes":""},"class_list":["post-89","page","type-page","status-publish","hentry"],"_links":{"self":[{"href":"https:\/\/www.emergentberlinfest.de\/index.php\/wp-json\/wp\/v2\/pages\/89","targetHints":{"allow":["GET"]}}],"collection":[{"href":"https:\/\/www.emergentberlinfest.de\/index.php\/wp-json\/wp\/v2\/pages"}],"about":[{"href":"https:\/\/www.emergentberlinfest.de\/index.php\/wp-json\/wp\/v2\/types\/page"}],"author":[{"embeddable":true,"href":"https:\/\/www.emergentberlinfest.de\/index.php\/wp-json\/wp\/v2\/users\/1"}],"replies":[{"embeddable":true,"href":"https:\/\/www.emergentberlinfest.de\/index.php\/wp-json\/wp\/v2\/comments?post=89"}],"version-history":[{"count":103,"href":"https:\/\/www.emergentberlinfest.de\/index.php\/wp-json\/wp\/v2\/pages\/89\/revisions"}],"predecessor-version":[{"id":1288,"href":"https:\/\/www.emergentberlinfest.de\/index.php\/wp-json\/wp\/v2\/pages\/89\/revisions\/1288"}],"up":[{"embeddable":true,"href":"https:\/\/www.emergentberlinfest.de\/index.php\/wp-json\/wp\/v2\/pages\/4"}],"wp:attachment":[{"href":"https:\/\/www.emergentberlinfest.de\/index.php\/wp-json\/wp\/v2\/media?parent=89"}],"curies":[{"name":"wp","href":"https:\/\/api.w.org\/{rel}","templated":true}]}}