{"id":91,"date":"2015-06-11T13:34:27","date_gmt":"2015-06-11T11:34:27","guid":{"rendered":"http:\/\/www.emergentberlin.de\/?page_id=91"},"modified":"2015-10-12T09:51:49","modified_gmt":"2015-10-12T07:51:49","slug":"meet-greet","status":"publish","type":"page","link":"https:\/\/www.emergentberlinfest.de\/index.php\/program\/meet-greet\/","title":{"rendered":"[:de] . . . Offene Gr\u00fc\u00dfzonen und Treffpunkte[:en] . . . Open Greeting Zones and Meeting Points[:tr]. . . Tan\u0131\u015f\u0131n &#038; Selamla\u015f\u0131n[:]"},"content":{"rendered":"<p>[:de]<\/p>\n<h4><strong><span class=\"Apple-style-span\" style=\"color: #99cc00;\">\u201eoffene Gr\u00fc\u00dfzonen\u201c\u00a0sind\u00a0Orte,\u00a0wo\u00a0du dich Menschen\u00a0und\u00a0Gruppen einfach so vorstellen\u00a0und mit ihnen ein Gespr\u00e4ch\u00a0beginnen\u00a0darfst&#8230;<\/span><\/strong><\/h4>\n<p><em>&#8211; Eine Sozial Innovation von <a href=\"http:\/\/www.baumhausberlin.de\" target=\"_blank\">Das Baumhaus Berlin<\/a><\/em><\/p>\n<p>Wir laden dich ein, dich w\u00e4hrend des Festivals mit anderen Festivalbesuchern bekannt zu machen, mit Projekten und Organisationen ins Gespr\u00e4ch zu kommen und deine Ideen und Fragen auch mit dir unbekannten Leuten zu besprechen.<\/p>\n<p>Es gibt zwei zentrale Treffpunkte auf dem\u00a0Gel\u00e4nde. Hier triffst du Leute, die auch gerade Lust haben, mit unbekannten Menschen in Kontakt zu kommen. An den Treffpunkten liegen auch Listen aus, wo Festivalbesucher und Projekte ihre Anwesenheit ank\u00fcndigen k\u00f6nnen. <a href=\"https:\/\/docs.google.com\/spreadsheets\/d\/1emN54_0uzjFsVIyqv9S_h-AqFjFYHv-adtulxu8zCIU\/edit?usp=sharing\" target=\"_blank\">Ihr k\u00f6nnt euch auch HIER schon jetzt f\u00fcr bestimmte Zeiten eintragen<\/a>.<\/p>\n<p><span style=\"color: #99cc00;\"><strong>Helfe\u00a0mit, das gesamte Festival zu einer einzigen offenen Gr\u00fc\u00dfzone werden zu lassen! Create an artwork\u00a0to identify Open Greeting Zones.. and bring it to the festival\u00a0! More info\u00a0<a style=\"color: #99cc00;\" href=\"http:\/\/www.emergentberlinfest.de\/index.php\/english-open-greeting-zones\/\">HERE<\/a>.<\/strong><\/span><\/p>\n<p><strong>O.G.Z. 1 @\u00a0Art Loft Berlin<\/strong> featuring the work of <a href=\"http:\/\/windstone.co\/\" target=\"_blank\">Wind Stone<\/a> with a live action painting installation.<\/p>\n<p><strong>O.G.Z. 2 @\u00a0Fabrik 23 Werkloft<\/strong>\u00a0featuring the work of\u00a0various artists, performers and musicians.[:en]<\/p>\n<h4><span class=\"Apple-style-span\"><span style=\"color: #99cc00;\"><strong>\u201cOpen Greeting Zones\u201d are\u00a0areas w<\/strong><\/span><strong><span style=\"color: #99cc00;\">here it is ok for you\u00a0to walk up to anyone else or a group of people and feel welcomed to introduce yourself or join in the conversation.<\/span>\u00a0<\/strong><\/span><\/h4>\n<p><span class=\"Apple-style-span\"><strong>&#8211;<\/strong><em> a social innovation from <a href=\"http:\/\/www.baumhausberlin.de\/en\/\" target=\"_blank\">Das\u00a0<\/a><\/em><\/span><a href=\"http:\/\/www.baumhausberlin.de\/en\/\" target=\"_blank\"><i>Bauhaus Berlin<\/i><\/a><\/p>\n<p>We invite you to\u00a0reframe what is socially acceptable, to shift our expectations of how we behave in situations where we do not already know people, creating a\u00a0comfortable atmosphere for communication.<\/p>\n<p>During the Festival, please feel free to introduce yourself to other visitors of the festival, start conversations with projects and organizations and discuss your ideas and questions with people you have never seen\u00a0before.<\/p>\n<p>There are two central meeting points in\u00a0the festival area. Here you can meet people who feel like they would like to meet new people. At those meeting points, there will be lists displayed, where both visitors and participating projects can announce their presence at the meeting point for a certain time span. <a href=\"https:\/\/docs.google.com\/spreadsheets\/d\/1emN54_0uzjFsVIyqv9S_h-AqFjFYHv-adtulxu8zCIU\/edit?usp=sharing\" target=\"_blank\">You can already sign up HERE.<\/a><\/p>\n<p><span style=\"color: #99cc00;\"><strong>Help us to transform the whole festival area into an Open Greeting Zone!\u00a0Create an artwork to identify Open Greeting Zones.. and bring it to the Festival\u00a0! More info\u00a0<a style=\"color: #99cc00;\" href=\"http:\/\/www.emergentberlinfest.de\/index.php\/english-open-greeting-zones\/\">HERE<\/a>.<\/strong><\/span><\/p>\n<p><strong>O.G.Z. 1 @\u00a0Art Loft Berlin<\/strong> featuring the work of <a href=\"http:\/\/windstone.co\/\" target=\"_blank\">Wind Stone<\/a> with a live action painting installation.<\/p>\n<p><strong>O.G.Z. 2 @\u00a0Fabrik 23 Werkloft<\/strong>\u00a0featuring the work of\u00a0various artists, performers and musicians.[:tr]<strong><span style=\"color: #008000;\">\u201cA\u00e7\u0131k Tan\u0131\u015fma Alan\u0131\u201d, herkesin birbiri ile tan\u0131\u015fmas\u0131 ve konu\u015fmas\u0131n\u0131n serbest oldu\u011fu, ve sohbete kat\u0131lmaya te\u015fvik edildi\u011fi bir aland\u0131r. Sosyal \u00e7evrelerde nelerin kabul g\u00f6r\u00fcp nelerin kabul g\u00f6rmedi\u011finin yeniden \u015fekillenmesine, ve insanlar\u0131 tan\u0131mad\u0131\u011f\u0131m\u0131z ortamlarda nas\u0131l davranmam\u0131z gerekti\u011fine dair beklentilerin de\u011fi\u015fmesine olanak sa\u011flayabilecek bir yol. Herkesin rahat hissedebilece\u011fi bir atmosfer yaratarak, direk, basit ve g\u00fcvenilir ileti\u015fime te\u015fvik eden bir alan<\/span><\/strong><\/p>\n<p><em>&#8211; Eine Sozial Innovation von\u00a0<a href=\"http:\/\/www.baumhausberlin.de\" target=\"_blank\">Das Baumhaus Berlin<\/a><\/em><\/p>\n<p><a href=\"http:\/\/www.emergentberlinfest.de\/wp-content\/uploads\/2015\/07\/DSC9582.jpg\"><img loading=\"lazy\" decoding=\"async\" class=\"aligncenter  wp-image-295\" src=\"http:\/\/www.emergentberlinfest.de\/wp-content\/uploads\/2015\/07\/DSC9582-300x200.jpg\" alt=\"_DSC9582\" width=\"407\" height=\"271\" srcset=\"https:\/\/www.emergentberlinfest.de\/wp-content\/uploads\/2015\/07\/DSC9582-300x200.jpg 300w, https:\/\/www.emergentberlinfest.de\/wp-content\/uploads\/2015\/07\/DSC9582-1024x681.jpg 1024w\" sizes=\"auto, (max-width: 407px) 100vw, 407px\" \/><\/a><\/p>\n<h3>T\u00fcm festival alan\u0131n\u0131 A\u00e7\u0131k Tan\u0131\u015fma Alan\u0131na \u00e7evirmemize yard\u0131mc\u0131 olun!<\/h3>\n<div class=\"page\" title=\"Page 1\">\n<div class=\"section\">\n<div class=\"layoutArea\">\n<div class=\"column\">\n<p>Bu giri\u015fim ge\u00e7en seneki festivalde \u00e7ok ba\u015far\u0131l\u0131 bir \u015fekilde ilerledi, kat\u0131lan herkes birbiriyle tan\u0131\u015fma imkan\u0131 yakalad\u0131! Bu sene ne t\u00fcr yarat\u0131c\u0131 ba\u011flant\u0131lar\u0131n kurulaca\u011f\u0131n\u0131 g\u00f6rmek i\u00e7in tam anlam\u0131yla sab\u0131rs\u0131zlan\u0131yoruz&#8230;<\/p>\n<\/div>\n<\/div>\n<\/div>\n<\/div>\n<div class=\"page\" title=\"Page 1\">\n<div class=\"section\">\n<div class=\"layoutArea\">\n<div class=\"column\">\n<p><strong>A\u00e7\u0131k Tan\u0131\u015fma Alan\u0131\u2019n\u0131 tan\u0131mlayan bir sanat eseri yarat\u0131n&#8230;<\/strong> ve eserinizi festivale getirin. Kendinizi bir sanat\u00e7\u0131 olarak tan\u0131mlay\u0131n ya da tan\u0131mlamay\u0131n, kat\u0131l\u0131m herkese a\u00e7\u0131k. Asa\u011f\u0131da ana hatlar\u0131yla bu giri\u015fime kat\u0131lmak i\u00e7in yapman\u0131z gereken eser hakk\u0131nda bilgi edinebilirsiniz:<\/p>\n<\/div>\n<\/div>\n<\/div>\n<\/div>\n<ul>\n<li>\n<div class=\"page\" title=\"Page 1\">\n<div class=\"section\">\n<div class=\"layoutArea\">\n<div class=\"column\">\n<ul>\n<li>Bir tasar\u0131m\/sanat eseri \u00fczerinde g\u00f6r\u00fcn\u00fcr bir bi\u00e7imde ve her dilde \u201cOpen Greeting Zone,\u201d \u201coffene Gr\u00fc\u00dfzone\u201d ya da \u201cOGZ\u201d yazabilir. Sizin kendinizi ifade etme \u015feklinize ba\u011fl\u0131 olarak insanlar\u0131 biraraya getirme ruhunu yans\u0131tt\u0131ktan sonra yaz\u0131n\u0131n g\u00f6r\u00fcn\u00fcrl\u00fc\u011f\u00fc, g\u00f6r\u00fcnmezli\u011fi, ve dili tamamen size kalm\u0131\u015f.<\/li>\n<li>Tasar\u0131m\/sanat eserleriniz her t\u00fcr malzeme ile yap\u0131labilir. Boyutlar\u0131 ve tarzlar\u0131 hakk\u0131nda hi\u00e7bir k\u0131s\u0131tlama yoktur. E\u011fer yeniden kullan\u0131labilir materyaller kullan\u0131rsan\u0131z ya da s\u00fcrd\u00fcr\u00fclebilirlik prensiplerine ba\u011fl\u0131 kal\u0131rsan\u0131z sizi daha da fazla takdir ederiz.<\/li>\n<li>Yapt\u0131\u011f\u0131n\u0131z i\u015fler tek ya da \u00e7ift tarafl\u0131 olabilir. Eserinizin son halinin bir \u00e7ubu\u011fun \u00fczerine monte edilebilir olmas\u0131na, ya da bir masa \u00fczerine yerle\u015ftirilebilir olmas\u0131na veya bir a\u011faca ya da duvara as\u0131labilir olmas\u0131na \u00f6zen g\u00f6stermelisiniz.<\/li>\n<li>E\u011fer isterseniz eserinizin Wedding\u2019deki Gerichtsr. etkinlik alan\u0131nda ya da Panke b\u00f6lgesinde nereye as\u0131laca\u011f\u0131n\u0131 k\u00fcrate etmeye yard\u0131mc\u0131 olabilirsiniz.<\/li>\n<li>T\u00fcm eserlere isim ve \u201cA\u00e7\u0131k Tan\u0131\u015fma Alan\u0131\u201d giri\u015fimini anlatan bir a\u00e7\u0131klama e\u015flik edecektir.<\/li>\n<li>Festival sonras\u0131nda eseriniz size aittir ve istedi\u011finizi yapmakta serbestsiniz. E\u011fer isterseniz 14\u00a0Eyl\u00fcl ak\u015fam\u0131na kadar (belki biraz daha uzun bir s\u00fcre) eserinizi emniyetli bir \u015fekilde\u00a0saklayabiliriz.<\/li>\n<li>Eseriniz ile a\u00e7\u0131k artt\u0131rmam\u0131za kat\u0131lmay\u0131 tercih edebilirsiniz. \u0130lgilenen al\u0131c\u0131lar iki g\u00fcnl\u00fck festival\u00a0s\u00fcresince eseriniz i\u00e7in tekliflerde bulunacakt\u0131r. Sat\u0131\u015f i\u00e7in en d\u00fc\u015f\u00fck fiyat\u0131 eser sahipleri belirleyecektir. Sat\u0131lan eserlerin sat\u0131\u015f fiyatlar\u0131n\u0131n 65%\u2019i eser sahibine, 35%\u2019i ise Emergent Berlin Festivali\u2019ne verilecektir. Bunun d\u0131\u015f\u0131nda sizi potansiyel al\u0131c\u0131lar ile direk olarak ileti\u015fime ge\u00e7irece\u011fiz. Bu \u015fekilde bireysel olarak finansal k\u0131s\u0131m ile ilgilenebilirsiniz.<\/li>\n<li>Eserinizi festival sonras\u0131nda evinize g\u00f6t\u00fcrebilirsiniz. Belki daha sonra bir parka, plaja, kafeye ya da konferansa g\u00f6t\u00fcr\u00fcrs\u00fcn\u00fcz, kim bilir&#8230;<\/li>\n<li>Her t\u00fcr foto\u011fraf, link, k\u0131sa sanat\u00e7\u0131 tan\u0131m\u0131 yollaman\u0131z i\u00e7in son tarih 8 Eyl\u00fcl saat 18:00\u2019dir.<\/li>\n<\/ul>\n<p>* Kat\u0131lmak istiyorsan\u0131z l\u00fctfen \u2018<a href=\"http:\/\/www.emergentberlinfest.de\/index.php\/call-for-participation\/?lang=tr\">Kat\u0131l\u0131m \u00c7a\u011fr\u0131s\u0131<\/a>\u2019 sayfam\u0131zdaki formu doldurunuz. Sorular\u0131n\u0131z,\u00a0yorumlar\u0131n\u0131z ve kat\u0131l\u0131m onay\u0131n\u0131z i\u00fcin l\u00fctfen emergent.berlin@gmail.com ile ileti\u015fime ge\u00e7iniz.<\/p>\n<\/div>\n<\/div>\n<\/div>\n<\/div>\n<\/li>\n<\/ul>\n<p><a href=\"http:\/\/www.emergentberlinfest.de\/wp-content\/uploads\/2015\/06\/SpringCon-10.jpg\"><img loading=\"lazy\" decoding=\"async\" class=\" size-medium wp-image-384 alignright\" src=\"http:\/\/www.emergentberlinfest.de\/wp-content\/uploads\/2015\/06\/SpringCon-10-300x195.jpg\" alt=\"SpringCon-10\" width=\"300\" height=\"195\" srcset=\"https:\/\/www.emergentberlinfest.de\/wp-content\/uploads\/2015\/06\/SpringCon-10-300x195.jpg 300w, https:\/\/www.emergentberlinfest.de\/wp-content\/uploads\/2015\/06\/SpringCon-10-1024x664.jpg 1024w, https:\/\/www.emergentberlinfest.de\/wp-content\/uploads\/2015\/06\/SpringCon-10.jpg 1579w\" sizes=\"auto, (max-width: 300px) 100vw, 300px\" \/><\/a><a href=\"http:\/\/www.fabrik23.com\/werkloft\/\" target=\"_blank\">Fabrik 23 \/ Werkloft<\/a> &#8211; festivalin ana merkezi olarak belirlenmi\u015ftir. Burada projeler baski halindeki\u00a0sunumlar\u0131n\u0131 ve organizasyonlar\u0131 hakk\u0131ndaki bilgileri sergileyebilir ve festival kat\u0131l\u0131mc\u0131lar\u0131ndan\u00a0geribildirim alabilirler. Bu mekan ayr\u0131ca \u201cAna Tan\u0131\u015fma Mekan\u0131\u201d olacakt\u0131r. Mekanda bulunan\u00a0herkese kendinizi tan\u0131tmak ve onlarla tan\u0131\u015fmak m\u00fcmk\u00fcnd\u00fcr.<\/p>\n<p>Gun boyunce surpriz siir okumalari, muzik gosterileri ve duyurular olacaktir.<\/p>\n<p>* Kat\u0131lmak istiyorsan\u0131z l\u00fctfen \u2018<a href=\"http:\/\/www.emergentberlinfest.de\/index.php\/call-for-participation\/?lang=tr\">Kat\u0131l\u0131m \u00c7a\u011fr\u0131s\u0131<\/a>\u2019 sayfam\u0131zdaki formu doldurunuz. Sorular\u0131n\u0131z,\u00a0yorumlar\u0131n\u0131z ve kat\u0131l\u0131m onay\u0131n\u0131z i\u00e7in l\u00fctfen emergent.berlin@gmail.com ile ileti\u015fime ge\u00e7iniz.[:]<\/p>\n","protected":false},"excerpt":{"rendered":"<p>[:de] \u201eoffene Gr\u00fc\u00dfzonen\u201c\u00a0sind\u00a0Orte,\u00a0wo\u00a0du dich Menschen\u00a0und\u00a0Gruppen einfach so vorstellen\u00a0und mit ihnen ein Gespr\u00e4ch\u00a0beginnen\u00a0darfst&#8230; &#8211; Eine Sozial Innovation von Das Baumhaus Berlin Wir laden dich ein, dich w\u00e4hrend des Festivals mit anderen Festivalbesuchern bekannt zu machen, mit Projekten und Organisationen ins Gespr\u00e4ch zu kommen und deine Ideen und Fragen auch mit dir unbekannten Leuten zu besprechen. Es &hellip; <a href=\"https:\/\/www.emergentberlinfest.de\/index.php\/program\/meet-greet\/\" class=\"more-link\">Continue reading <span class=\"screen-reader-text\">[:de] . . . Offene Gr\u00fc\u00dfzonen und Treffpunkte[:en] . . . Open Greeting Zones and Meeting Points[:tr]. . . Tan\u0131\u015f\u0131n &#038; Selamla\u015f\u0131n[:]<\/span><\/a><\/p>\n","protected":false},"author":1,"featured_media":0,"parent":4,"menu_order":0,"comment_status":"closed","ping_status":"open","template":"","meta":{"footnotes":""},"class_list":["post-91","page","type-page","status-publish","hentry"],"_links":{"self":[{"href":"https:\/\/www.emergentberlinfest.de\/index.php\/wp-json\/wp\/v2\/pages\/91","targetHints":{"allow":["GET"]}}],"collection":[{"href":"https:\/\/www.emergentberlinfest.de\/index.php\/wp-json\/wp\/v2\/pages"}],"about":[{"href":"https:\/\/www.emergentberlinfest.de\/index.php\/wp-json\/wp\/v2\/types\/page"}],"author":[{"embeddable":true,"href":"https:\/\/www.emergentberlinfest.de\/index.php\/wp-json\/wp\/v2\/users\/1"}],"replies":[{"embeddable":true,"href":"https:\/\/www.emergentberlinfest.de\/index.php\/wp-json\/wp\/v2\/comments?post=91"}],"version-history":[{"count":38,"href":"https:\/\/www.emergentberlinfest.de\/index.php\/wp-json\/wp\/v2\/pages\/91\/revisions"}],"predecessor-version":[{"id":1593,"href":"https:\/\/www.emergentberlinfest.de\/index.php\/wp-json\/wp\/v2\/pages\/91\/revisions\/1593"}],"up":[{"embeddable":true,"href":"https:\/\/www.emergentberlinfest.de\/index.php\/wp-json\/wp\/v2\/pages\/4"}],"wp:attachment":[{"href":"https:\/\/www.emergentberlinfest.de\/index.php\/wp-json\/wp\/v2\/media?parent=91"}],"curies":[{"name":"wp","href":"https:\/\/api.w.org\/{rel}","templated":true}]}}